{"id":117,"date":"2022-04-06T20:27:49","date_gmt":"2022-04-06T18:27:49","guid":{"rendered":"https:\/\/lecircuitdewallonie.be\/en\/?page_id=117"},"modified":"2023-05-24T15:35:27","modified_gmt":"2023-05-24T13:35:27","slug":"awards","status":"publish","type":"page","link":"https:\/\/lecircuitdewallonie.be\/en\/awards\/","title":{"rendered":"Awards"},"content":{"rendered":"<p>[et_pb_section fb_built=\u00a0\u00bb1&Prime; admin_label=\u00a0\u00bbHero Section\u00a0\u00bb _builder_version=\u00a0\u00bb4.15&Prime; background_color=\u00a0\u00bb#d3dae4&Prime; background_image=\u00a0\u00bbhttps:\/\/lecircuitdewallonie.be\/en\/wp-content\/uploads\/2022\/04\/ciaran-quinn-5aXBr8xvUCQ-unsplash-2-scaled-1.jpg\u00a0\u00bb custom_margin=\u00a0\u00bb0px|0px|0px|0px|false|false\u00a0\u00bb custom_margin_tablet=\u00a0\u00bb\u00a0\u00bb custom_margin_phone=\u00a0\u00bb0px|0px|0px|0px\u00a0\u00bb custom_margin_last_edited=\u00a0\u00bbon|phone\u00a0\u00bb custom_padding=\u00a0\u00bb178px|0px|178px|0px|true|false\u00a0\u00bb collapsed=\u00a0\u00bboff\u00a0\u00bb global_colors_info=\u00a0\u00bb{}\u00a0\u00bb theme_builder_area=\u00a0\u00bbpost_content\u00a0\u00bb][\/et_pb_section][et_pb_section fb_built=\u00a0\u00bb1&Prime; admin_label=\u00a0\u00bbPopular Product Section\u00a0\u00bb _builder_version=\u00a0\u00bb4.15&Prime; custom_padding=\u00a0\u00bb50px|0px|0px|0px|false|\u00a0\u00bb collapsed=\u00a0\u00bboff\u00a0\u00bb global_colors_info=\u00a0\u00bb{}\u00a0\u00bb theme_builder_area=\u00a0\u00bbpost_content\u00a0\u00bb][et_pb_row _builder_version=\u00a0\u00bb4.15&Prime; custom_padding=\u00a0\u00bb41px||0px||false|\u00a0\u00bb global_colors_info=\u00a0\u00bb{}\u00a0\u00bb theme_builder_area=\u00a0\u00bbpost_content\u00a0\u00bb][et_pb_column type=\u00a0\u00bb4_4&Prime; _builder_version=\u00a0\u00bb4.15&Prime; custom_padding=\u00a0\u00bb|||\u00a0\u00bb global_colors_info=\u00a0\u00bb{}\u00a0\u00bb custom_padding__hover=\u00a0\u00bb|||\u00a0\u00bb theme_builder_area=\u00a0\u00bbpost_content\u00a0\u00bb][et_pb_text admin_label=\u00a0\u00bbPopular Products Title\u00a0\u00bb _builder_version=\u00a0\u00bb4.15.1&Prime; text_font=\u00a0\u00bb||||||||\u00a0\u00bb header_font=\u00a0\u00bb||||||||\u00a0\u00bb header_2_font=\u00a0\u00bbRoboto|700||on|||||\u00a0\u00bb header_2_text_align=\u00a0\u00bbcenter\u00a0\u00bb header_2_font_size=\u00a0\u00bb30px\u00a0\u00bb header_2_letter_spacing=\u00a0\u00bb4px\u00a0\u00bb header_2_line_height=\u00a0\u00bb1.2em\u00a0\u00bb module_alignment=\u00a0\u00bbcenter\u00a0\u00bb custom_margin=\u00a0\u00bb||10px|\u00a0\u00bb custom_padding=\u00a0\u00bb|||\u00a0\u00bb animation_style=\u00a0\u00bbfade\u00a0\u00bb locked=\u00a0\u00bboff\u00a0\u00bb global_colors_info=\u00a0\u00bb{}\u00a0\u00bb theme_builder_area=\u00a0\u00bbpost_content\u00a0\u00bb]<\/p>\n<h2>Awards<\/h2>\n<p>[\/et_pb_text][et_pb_divider color=\u00a0\u00bb#ffb500&Prime; divider_weight=\u00a0\u00bb2px\u00a0\u00bb disabled_on=\u00a0\u00bboff|off|off\u00a0\u00bb _builder_version=\u00a0\u00bb4.15&Prime; max_width=\u00a0\u00bb100px\u00a0\u00bb module_alignment=\u00a0\u00bbcenter\u00a0\u00bb custom_margin=\u00a0\u00bb||-1px|||\u00a0\u00bb animation_style=\u00a0\u00bbfade\u00a0\u00bb custom_css_main_element=\u00a0\u00bb||\u00a0\u00bb locked=\u00a0\u00bboff\u00a0\u00bb global_colors_info=\u00a0\u00bb{}\u00a0\u00bb theme_builder_area=\u00a0\u00bbpost_content\u00a0\u00bb][\/et_pb_divider][\/et_pb_column][\/et_pb_row][et_pb_row _builder_version=\u00a0\u00bb4.15&Prime; _module_preset=\u00a0\u00bbdefault\u00a0\u00bb custom_padding=\u00a0\u00bb||0px|||\u00a0\u00bb global_colors_info=\u00a0\u00bb{}\u00a0\u00bb theme_builder_area=\u00a0\u00bbpost_content\u00a0\u00bb][et_pb_column type=\u00a0\u00bb4_4&Prime; _builder_version=\u00a0\u00bb4.15&Prime; _module_preset=\u00a0\u00bbdefault\u00a0\u00bb global_colors_info=\u00a0\u00bb{}\u00a0\u00bb theme_builder_area=\u00a0\u00bbpost_content\u00a0\u00bb][et_pb_image src=\u00a0\u00bbhttps:\/\/lecircuitdewallonie.be\/en\/wp-content\/uploads\/2022\/04\/coup.png\u00a0\u00bb title_text=\u00a0\u00bbcoup\u00a0\u00bb align=\u00a0\u00bbcenter\u00a0\u00bb _builder_version=\u00a0\u00bb4.15&Prime; _module_preset=\u00a0\u00bbdefault\u00a0\u00bb module_alignment=\u00a0\u00bbcenter\u00a0\u00bb custom_margin=\u00a0\u00bb||3px|||\u00a0\u00bb custom_padding=\u00a0\u00bb||0px|||\u00a0\u00bb global_colors_info=\u00a0\u00bb{}\u00a0\u00bb theme_builder_area=\u00a0\u00bbpost_content\u00a0\u00bb][\/et_pb_image][et_pb_text admin_label=\u00a0\u00bbPopular Products Title\u00a0\u00bb _builder_version=\u00a0\u00bb4.15.1&Prime; text_font=\u00a0\u00bb||||||||\u00a0\u00bb header_font=\u00a0\u00bb||||||||\u00a0\u00bb header_2_font=\u00a0\u00bbRoboto|700||on|||||\u00a0\u00bb header_2_text_align=\u00a0\u00bbcenter\u00a0\u00bb header_2_font_size=\u00a0\u00bb30px\u00a0\u00bb header_2_letter_spacing=\u00a0\u00bb4px\u00a0\u00bb header_2_line_height=\u00a0\u00bb1.2em\u00a0\u00bb module_alignment=\u00a0\u00bbcenter\u00a0\u00bb custom_margin=\u00a0\u00bb||10px|\u00a0\u00bb custom_padding=\u00a0\u00bb||33px|||\u00a0\u00bb animation_style=\u00a0\u00bbfade\u00a0\u00bb hover_enabled=\u00a0\u00bb0&Prime; locked=\u00a0\u00bboff\u00a0\u00bb global_colors_info=\u00a0\u00bb{}\u00a0\u00bb theme_builder_area=\u00a0\u00bbpost_content\u00a0\u00bb sticky_enabled=\u00a0\u00bb0&Prime;]<\/p>\n<h2>2010 &#8211; 2023<\/h2>\n<p>[\/et_pb_text][et_pb_text _builder_version=\u00a0\u00bb4.15.1&Prime; _module_preset=\u00a0\u00bbdefault\u00a0\u00bb text_orientation=\u00a0\u00bbcenter\u00a0\u00bb hover_enabled=\u00a0\u00bb0&Prime; global_colors_info=\u00a0\u00bb{}\u00a0\u00bb theme_builder_area=\u00a0\u00bbpost_content\u00a0\u00bb sticky_enabled=\u00a0\u00bb0&Prime;]<\/p>\n<h3><span style=\"font-weight: 400;\">2023 &#8211; 18th May<\/span><\/h3>\n<p>1. <strong>MEEUS<\/strong> Jordi 2. <strong>TAMINIAUX<\/strong>\u00a0Lionel\u00a03. <strong style=\"font-weight: 400;\"><strong>KIELICH<\/strong> Timo[\/et_pb_text][et_pb_text _builder_version=\u00a0\u00bb4.15.1&Prime; _module_preset=\u00a0\u00bbdefault\u00a0\u00bb text_orientation=\u00a0\u00bbcenter\u00a0\u00bb global_colors_info=\u00a0\u00bb{}\u00a0\u00bb theme_builder_area=\u00a0\u00bbpost_content\u00a0\u00bb]<\/p>\n<h3><span style=\"font-weight: 400;\">2022 &#8211; 26th May<\/span><\/h3>\n<p>1. <strong>PASQUALONE<\/strong> Andrea 2. <strong>ZINGLE<\/strong>\u00a0Axel\u00a03. <strong style=\"font-weight: 400;\"><strong>GILBERT<\/strong> Philippe[\/et_pb_text][et_pb_text _builder_version=\u00a0\u00bb4.15.1&Prime; _module_preset=\u00a0\u00bbdefault\u00a0\u00bb text_orientation=\u00a0\u00bbcenter\u00a0\u00bb global_colors_info=\u00a0\u00bb{}\u00a0\u00bb theme_builder_area=\u00a0\u00bbpost_content\u00a0\u00bb]<\/p>\n<h3><span style=\"font-weight: 400;\">2021 &#8211; 13th May<\/span><\/h3>\n<p>1. <strong>LAPORTE<\/strong> Christophe 2. <strong>SARREAU<\/strong>\u00a0Marc\u00a03. <strong style=\"font-weight: 400;\"><strong>PITHIE<\/strong> Laurence[\/et_pb_text][et_pb_text _builder_version=\u00a0\u00bb4.15&Prime; _module_preset=\u00a0\u00bbdefault\u00a0\u00bb text_orientation=\u00a0\u00bbcenter\u00a0\u00bb global_colors_info=\u00a0\u00bb{}\u00a0\u00bb theme_builder_area=\u00a0\u00bbpost_content\u00a0\u00bb]<\/p>\n<h3><span style=\"font-weight: 400;\">2020<\/span><\/h3>\n<p>Annul\u00e9-Cancelled<\/p>\n<p>[\/et_pb_text][et_pb_text _builder_version=\u00a0\u00bb4.15.1&Prime; _module_preset=\u00a0\u00bbdefault\u00a0\u00bb text_orientation=\u00a0\u00bbcenter\u00a0\u00bb global_colors_info=\u00a0\u00bb{}\u00a0\u00bb theme_builder_area=\u00a0\u00bbpost_content\u00a0\u00bb]<\/p>\n<h3><span style=\"font-weight: 400;\">2019 &#8211; 30th May<\/span><\/h3>\n<p><span style=\"font-weight: 400;\">1. <strong>BOUDAT<\/strong> Thomas 2. <strong>PLANCKAERT<\/strong> Baptiste 3. <strong>TERPSTRA<\/strong> Niki<\/span><\/p>\n<p>[\/et_pb_text][et_pb_text _builder_version=\u00a0\u00bb4.15.1&Prime; _module_preset=\u00a0\u00bbdefault\u00a0\u00bb text_orientation=\u00a0\u00bbcenter\u00a0\u00bb global_colors_info=\u00a0\u00bb{}\u00a0\u00bb theme_builder_area=\u00a0\u00bbpost_content\u00a0\u00bb]<\/p>\n<h3><span style=\"font-weight: 400;\">2018 &#8211; 27th May<\/span><\/h3>\n<p><span style=\"font-weight: 400;\">1. <strong>FROLICH<\/strong> Honor\u00e9 2. <strong>LARSEN<\/strong> Niklas 3. <strong>LAMB<\/strong> Ross<\/span><\/p>\n<p>[\/et_pb_text][et_pb_text _builder_version=\u00a0\u00bb4.15.1&Prime; _module_preset=\u00a0\u00bbdefault\u00a0\u00bb text_orientation=\u00a0\u00bbcenter\u00a0\u00bb global_colors_info=\u00a0\u00bb{}\u00a0\u00bb theme_builder_area=\u00a0\u00bbpost_content\u00a0\u00bb]<\/p>\n<h3><span style=\"font-weight: 400;\">2017 &#8211; 1st May<\/span><\/h3>\n<p><span style=\"font-weight: 400;\">1. <strong>VAN TRIJP<\/strong> Maarten 2. <strong>ROBEET<\/strong> Ludovic 3. <strong>LEEMANS<\/strong> Rob<\/span><\/p>\n<p>[\/et_pb_text][et_pb_text _builder_version=\u00a0\u00bb4.15.1&Prime; _module_preset=\u00a0\u00bbdefault\u00a0\u00bb text_orientation=\u00a0\u00bbcenter\u00a0\u00bb global_colors_info=\u00a0\u00bb{}\u00a0\u00bb theme_builder_area=\u00a0\u00bbpost_content\u00a0\u00bb]<\/p>\n<h3><span style=\"font-weight: 400;\">2016 &#8211; 19th June<\/span><\/h3>\n<p><span style=\"font-weight: 400;\">1. <strong>LALOUETTE<\/strong> Kevin 2. <strong>MARCHAND<\/strong> Gianni 3. <strong>CHEVALIER<\/strong> Olivier<\/span><\/p>\n<p>[\/et_pb_text][et_pb_text _builder_version=\u00a0\u00bb4.15.1&Prime; _module_preset=\u00a0\u00bbdefault\u00a0\u00bb text_orientation=\u00a0\u00bbcenter\u00a0\u00bb global_colors_info=\u00a0\u00bb{}\u00a0\u00bb theme_builder_area=\u00a0\u00bbpost_content\u00a0\u00bb]<\/p>\n<h3><span style=\"font-weight: 400;\">2015 &#8211; 21st June<\/span><\/h3>\n<p><span style=\"font-weight: 400;\">1. <strong>VAN ZUMMEREN<\/strong> Stef 2. <strong>WALSLEBEN<\/strong> Philipp 3. <strong>VERMEERSCH<\/strong> Gianni<\/span><\/p>\n<p>[\/et_pb_text][et_pb_text _builder_version=\u00a0\u00bb4.15.1&Prime; _module_preset=\u00a0\u00bbdefault\u00a0\u00bb text_orientation=\u00a0\u00bbcenter\u00a0\u00bb global_colors_info=\u00a0\u00bb{}\u00a0\u00bb theme_builder_area=\u00a0\u00bbpost_content\u00a0\u00bb]<\/p>\n<h3><span style=\"font-weight: 400;\">2014 &#8211; 11th May<\/span><\/h3>\n<p><span style=\"font-weight: 400;\">1. <strong>LAMMERTINCK<\/strong> Maurits 2. <strong>CLAEYS<\/strong> Dimitri 3. <strong>DE TIER<\/strong> Floris<\/span><\/p>\n<p>[\/et_pb_text][et_pb_text _builder_version=\u00a0\u00bb4.15.1&Prime; _module_preset=\u00a0\u00bbdefault\u00a0\u00bb text_orientation=\u00a0\u00bbcenter\u00a0\u00bb global_colors_info=\u00a0\u00bb{}\u00a0\u00bb theme_builder_area=\u00a0\u00bbpost_content\u00a0\u00bb]<\/p>\n<h3><span style=\"font-weight: 400;\">2013 &#8211; 5th May<\/span><\/h3>\n<p><span style=\"font-weight: 400;\">1. <strong>DELFOSSE<\/strong> S\u00e9bastien 2. <strong>DRANCOURT<\/strong> Pierre 3. <strong>ALLEGAERT<\/strong> Matthias<\/span><\/p>\n<p>[\/et_pb_text][et_pb_text _builder_version=\u00a0\u00bb4.15.1&Prime; _module_preset=\u00a0\u00bbdefault\u00a0\u00bb text_orientation=\u00a0\u00bbcenter\u00a0\u00bb global_colors_info=\u00a0\u00bb{}\u00a0\u00bb theme_builder_area=\u00a0\u00bbpost_content\u00a0\u00bb]<\/p>\n<h3><span style=\"font-weight: 400;\">2012 &#8211; 6th May<\/span><\/h3>\n<p><span style=\"font-weight: 400;\">1. <strong>VAN RENSBURG<\/strong> Janse 2. <strong>VAN BILSEN<\/strong> Kenneth 3. <strong>CLAEYS<\/strong> Kevin<\/span><\/p>\n<p>[\/et_pb_text][et_pb_text _builder_version=\u00a0\u00bb4.15.1&Prime; _module_preset=\u00a0\u00bbdefault\u00a0\u00bb text_orientation=\u00a0\u00bbcenter\u00a0\u00bb global_colors_info=\u00a0\u00bb{}\u00a0\u00bb theme_builder_area=\u00a0\u00bbpost_content\u00a0\u00bb]<\/p>\n<h3><span style=\"font-weight: 400;\">2011 &#8211; 8th May<\/span><\/h3>\n<p><span style=\"font-weight: 400;\">1. <strong>TAMAYO<\/strong> Diego Alejandro 2. <strong>DE WINTER<\/strong> Walt 3. <strong>HOORNE<\/strong> Jeroen<\/span><\/p>\n<p>[\/et_pb_text][et_pb_text _builder_version=\u00a0\u00bb4.15.1&Prime; _module_preset=\u00a0\u00bbdefault\u00a0\u00bb text_orientation=\u00a0\u00bbcenter\u00a0\u00bb global_colors_info=\u00a0\u00bb{}\u00a0\u00bb theme_builder_area=\u00a0\u00bbpost_content\u00a0\u00bb]<\/p>\n<h3><span style=\"font-weight: 400;\">2010 &#8211; 9th May<\/span><\/h3>\n<p><span style=\"font-weight: 400;\">1. <strong>DEGAND<\/strong> Thomas 2. <strong>GIAUX<\/strong> J\u00e9r\u00f4me 3. <strong>HOLLANDERS<\/strong> Dries<\/span><\/p>\n<p>[\/et_pb_text][et_pb_image src=\u00a0\u00bbhttps:\/\/lecircuitdewallonie.be\/en\/wp-content\/uploads\/2022\/04\/coup.png\u00a0\u00bb title_text=\u00a0\u00bbcoup\u00a0\u00bb align=\u00a0\u00bbcenter\u00a0\u00bb _builder_version=\u00a0\u00bb4.15&Prime; _module_preset=\u00a0\u00bbdefault\u00a0\u00bb module_alignment=\u00a0\u00bbcenter\u00a0\u00bb custom_margin=\u00a0\u00bb||3px|||\u00a0\u00bb custom_padding=\u00a0\u00bb||0px|||\u00a0\u00bb global_colors_info=\u00a0\u00bb{}\u00a0\u00bb theme_builder_area=\u00a0\u00bbpost_content\u00a0\u00bb][\/et_pb_image][et_pb_text admin_label=\u00a0\u00bbPopular Products Title\u00a0\u00bb _builder_version=\u00a0\u00bb4.15&Prime; text_font=\u00a0\u00bb||||||||\u00a0\u00bb header_font=\u00a0\u00bb||||||||\u00a0\u00bb header_2_font=\u00a0\u00bbRoboto|700||on|||||\u00a0\u00bb header_2_text_align=\u00a0\u00bbcenter\u00a0\u00bb header_2_font_size=\u00a0\u00bb30px\u00a0\u00bb header_2_letter_spacing=\u00a0\u00bb4px\u00a0\u00bb header_2_line_height=\u00a0\u00bb1.2em\u00a0\u00bb module_alignment=\u00a0\u00bbcenter\u00a0\u00bb custom_margin=\u00a0\u00bb||10px|\u00a0\u00bb custom_padding=\u00a0\u00bb||33px|||\u00a0\u00bb animation_style=\u00a0\u00bbfade\u00a0\u00bb locked=\u00a0\u00bboff\u00a0\u00bb global_colors_info=\u00a0\u00bb{}\u00a0\u00bb theme_builder_area=\u00a0\u00bbpost_content\u00a0\u00bb]<\/p>\n<h2>2000 &#8211; 2009<\/h2>\n<p>[\/et_pb_text][et_pb_text _builder_version=\u00a0\u00bb4.15&Prime; _module_preset=\u00a0\u00bbdefault\u00a0\u00bb text_orientation=\u00a0\u00bbcenter\u00a0\u00bb global_colors_info=\u00a0\u00bb{}\u00a0\u00bb theme_builder_area=\u00a0\u00bbpost_content\u00a0\u00bb]<\/p>\n<h3><span style=\"font-weight: 400;\">2009 &#8211; 10 mai<\/span><\/h3>\n<p><span style=\"font-weight: 400;\">1. <strong>ZINGLE<\/strong> Romain 2. <strong>DE WINTER<\/strong> Walt 3. <strong>KEUKELEIRE<\/strong> Jens<\/span><\/p>\n<p>[\/et_pb_text][et_pb_text _builder_version=\u00a0\u00bb4.15&Prime; _module_preset=\u00a0\u00bbdefault\u00a0\u00bb text_orientation=\u00a0\u00bbcenter\u00a0\u00bb global_colors_info=\u00a0\u00bb{}\u00a0\u00bb theme_builder_area=\u00a0\u00bbpost_content\u00a0\u00bb]<\/p>\n<h3><span style=\"font-weight: 400;\">2008 &#8211; 11 mai<\/span><\/h3>\n<p><span style=\"font-weight: 400;\">1. <strong>HERMANS<\/strong> Ben 2. <strong>ZINGLE<\/strong> Romain 3. <strong>DE GENDT<\/strong> Thomas<\/span><\/p>\n<p>[\/et_pb_text][et_pb_text _builder_version=\u00a0\u00bb4.15&Prime; _module_preset=\u00a0\u00bbdefault\u00a0\u00bb text_orientation=\u00a0\u00bbcenter\u00a0\u00bb global_colors_info=\u00a0\u00bb{}\u00a0\u00bb theme_builder_area=\u00a0\u00bbpost_content\u00a0\u00bb]<\/p>\n<h3><span style=\"font-weight: 400;\">2007 &#8211; 13 mai<\/span><\/h3>\n<p><span style=\"font-weight: 400;\">1. <strong>DE GREEF<\/strong> Francis 2. <strong>ARMEE<\/strong> Sander 3. <strong>VAN SPEYBROUCK<\/strong> Peter<\/span><\/p>\n<p>[\/et_pb_text][et_pb_text _builder_version=\u00a0\u00bb4.15&Prime; _module_preset=\u00a0\u00bbdefault\u00a0\u00bb text_orientation=\u00a0\u00bbcenter\u00a0\u00bb global_colors_info=\u00a0\u00bb{}\u00a0\u00bb theme_builder_area=\u00a0\u00bbpost_content\u00a0\u00bb]<\/p>\n<h3><span style=\"font-weight: 400;\">2006 &#8211; 14 mai<\/span><\/h3>\n<p><span style=\"font-weight: 400;\">1. <strong>MAES<\/strong> Nikolas 2. <strong>STEURS<\/strong> Geert 3. <strong>ROELANDTS<\/strong> Jurgen<\/span><\/p>\n<p>[\/et_pb_text][et_pb_text _builder_version=\u00a0\u00bb4.15&Prime; _module_preset=\u00a0\u00bbdefault\u00a0\u00bb text_orientation=\u00a0\u00bbcenter\u00a0\u00bb global_colors_info=\u00a0\u00bb{}\u00a0\u00bb theme_builder_area=\u00a0\u00bbpost_content\u00a0\u00bb]<\/p>\n<h3><span style=\"font-weight: 400;\">2005 &#8211; 15 mai<\/span><\/h3>\n<p><span style=\"font-weight: 400;\">1. <strong>LIEVENS<\/strong> Erik 2. <strong>VANENDERT<\/strong> Jelle 3. <strong>VAN DEN BUSSCHE<\/strong> Steven<\/span><\/p>\n<p>[\/et_pb_text][et_pb_text _builder_version=\u00a0\u00bb4.15&Prime; _module_preset=\u00a0\u00bbdefault\u00a0\u00bb text_orientation=\u00a0\u00bbcenter\u00a0\u00bb global_colors_info=\u00a0\u00bb{}\u00a0\u00bb theme_builder_area=\u00a0\u00bbpost_content\u00a0\u00bb]<\/p>\n<h3><span style=\"font-weight: 400;\">2004 &#8211; 16 mai<\/span><\/h3>\n<p><span style=\"font-weight: 400;\">1. <strong>MEERSMAN<\/strong> Gianni 2. <strong>DRANCOURT<\/strong> Pierre 3. <strong>STAMSNIJDER<\/strong> Tom<\/span><\/p>\n<p>[\/et_pb_text][et_pb_text _builder_version=\u00a0\u00bb4.15&Prime; _module_preset=\u00a0\u00bbdefault\u00a0\u00bb text_orientation=\u00a0\u00bbcenter\u00a0\u00bb global_colors_info=\u00a0\u00bb{}\u00a0\u00bb theme_builder_area=\u00a0\u00bbpost_content\u00a0\u00bb]<\/p>\n<h3><span style=\"font-weight: 400;\">2003 &#8211; 27 juillet<\/span><\/h3>\n<p><span style=\"font-weight: 400;\">1. <strong>VAN HECKE<\/strong> Preben 2. <strong>RENDERS<\/strong> Jens 3. <strong>DEKKER<\/strong> Thomas<\/span><\/p>\n<p>[\/et_pb_text][et_pb_text _builder_version=\u00a0\u00bb4.15&Prime; _module_preset=\u00a0\u00bbdefault\u00a0\u00bb text_orientation=\u00a0\u00bbcenter\u00a0\u00bb global_colors_info=\u00a0\u00bb{}\u00a0\u00bb theme_builder_area=\u00a0\u00bbpost_content\u00a0\u00bb]<\/p>\n<h3><span style=\"font-weight: 400;\">2002 &#8211; 5 mai<\/span><\/h3>\n<p><span style=\"font-weight: 400;\">1. <strong>VANSUMMEREN<\/strong> Johan 2. <strong>STEEGMANS<\/strong> Gert 3. <strong>COUTOULY<\/strong> C\u00e9dric<\/span><\/p>\n<p>[\/et_pb_text][et_pb_text _builder_version=\u00a0\u00bb4.15&Prime; _module_preset=\u00a0\u00bbdefault\u00a0\u00bb text_orientation=\u00a0\u00bbcenter\u00a0\u00bb global_colors_info=\u00a0\u00bb{}\u00a0\u00bb theme_builder_area=\u00a0\u00bbpost_content\u00a0\u00bb]<\/p>\n<h3><span style=\"font-weight: 400;\">2001 &#8211; 6 mai<\/span><\/h3>\n<p><span style=\"font-weight: 400;\">1. <strong>MURAVYEV<\/strong> Dmitriy 2. <strong>BOONEN<\/strong> Tom 3. <strong>VAN GOOLEN<\/strong> Jurgen<\/span><\/p>\n<p>[\/et_pb_text][et_pb_text _builder_version=\u00a0\u00bb4.15&Prime; _module_preset=\u00a0\u00bbdefault\u00a0\u00bb text_orientation=\u00a0\u00bbcenter\u00a0\u00bb global_colors_info=\u00a0\u00bb{}\u00a0\u00bb theme_builder_area=\u00a0\u00bbpost_content\u00a0\u00bb]<\/p>\n<h3><span style=\"font-weight: 400;\">2000 &#8211; 7 mai<\/span><\/h3>\n<p><span style=\"font-weight: 400;\">1. <strong>VERSTRAETEN<\/strong> Jan 2. <strong>SIJMENS<\/strong> Nico 3. <strong>CAPPELLE<\/strong> Andy<\/span><\/p>\n<p>[\/et_pb_text][et_pb_image src=\u00a0\u00bbhttps:\/\/lecircuitdewallonie.be\/en\/wp-content\/uploads\/2022\/04\/coup.png\u00a0\u00bb title_text=\u00a0\u00bbcoup\u00a0\u00bb align=\u00a0\u00bbcenter\u00a0\u00bb _builder_version=\u00a0\u00bb4.15&Prime; _module_preset=\u00a0\u00bbdefault\u00a0\u00bb module_alignment=\u00a0\u00bbcenter\u00a0\u00bb custom_margin=\u00a0\u00bb||3px|||\u00a0\u00bb custom_padding=\u00a0\u00bb||0px|||\u00a0\u00bb global_colors_info=\u00a0\u00bb{}\u00a0\u00bb theme_builder_area=\u00a0\u00bbpost_content\u00a0\u00bb][\/et_pb_image][et_pb_text admin_label=\u00a0\u00bbPopular Products Title\u00a0\u00bb _builder_version=\u00a0\u00bb4.15&Prime; text_font=\u00a0\u00bb||||||||\u00a0\u00bb header_font=\u00a0\u00bb||||||||\u00a0\u00bb header_2_font=\u00a0\u00bbRoboto|700||on|||||\u00a0\u00bb header_2_text_align=\u00a0\u00bbcenter\u00a0\u00bb header_2_font_size=\u00a0\u00bb30px\u00a0\u00bb header_2_letter_spacing=\u00a0\u00bb4px\u00a0\u00bb header_2_line_height=\u00a0\u00bb1.2em\u00a0\u00bb module_alignment=\u00a0\u00bbcenter\u00a0\u00bb custom_margin=\u00a0\u00bb||10px|\u00a0\u00bb custom_padding=\u00a0\u00bb||33px|||\u00a0\u00bb animation_style=\u00a0\u00bbfade\u00a0\u00bb locked=\u00a0\u00bboff\u00a0\u00bb global_colors_info=\u00a0\u00bb{}\u00a0\u00bb theme_builder_area=\u00a0\u00bbpost_content\u00a0\u00bb]<\/p>\n<h2>1990 &#8211; 1999<\/h2>\n<p>[\/et_pb_text][et_pb_text _builder_version=\u00a0\u00bb4.15&Prime; _module_preset=\u00a0\u00bbdefault\u00a0\u00bb text_orientation=\u00a0\u00bbcenter\u00a0\u00bb global_colors_info=\u00a0\u00bb{}\u00a0\u00bb theme_builder_area=\u00a0\u00bbpost_content\u00a0\u00bb]<\/p>\n<h3><span style=\"font-weight: 400;\">1999 &#8211; 8 mai<\/span><\/h3>\n<p><span style=\"font-weight: 400;\">1. <strong>DUIJN<\/strong> Marcel 2. <strong>WEGMANN<\/strong> Fabian (All) 3. <strong>LEUKEMANS<\/strong> Bj\u00f6rn<\/span><\/p>\n<p>[\/et_pb_text][et_pb_text _builder_version=\u00a0\u00bb4.15&Prime; _module_preset=\u00a0\u00bbdefault\u00a0\u00bb text_orientation=\u00a0\u00bbcenter\u00a0\u00bb global_colors_info=\u00a0\u00bb{}\u00a0\u00bb theme_builder_area=\u00a0\u00bbpost_content\u00a0\u00bb]<\/p>\n<h3><span style=\"font-weight: 400;\">1998 &#8211; 9 mai<\/span><\/h3>\n<p><span style=\"font-weight: 400;\">1. <strong>SWINNEN<\/strong> Danny 2. <strong>VAN DEN ABEELE<\/strong> Sebastian 3. <strong>VAN AKEN<\/strong> Steven<\/span><\/p>\n<p>[\/et_pb_text][et_pb_text _builder_version=\u00a0\u00bb4.15&Prime; _module_preset=\u00a0\u00bbdefault\u00a0\u00bb text_orientation=\u00a0\u00bbcenter\u00a0\u00bb global_colors_info=\u00a0\u00bb{}\u00a0\u00bb theme_builder_area=\u00a0\u00bbpost_content\u00a0\u00bb]<\/p>\n<h3><span style=\"font-weight: 400;\">1997 &#8211; 10 mai<\/span><\/h3>\n<p><span style=\"font-weight: 400;\">1. <strong>HESELMANS<\/strong> Wim 2. <strong>VEREECKE<\/strong> Karel 3. <strong>STOCKX<\/strong> G\u00fcnther<\/span><\/p>\n<p>[\/et_pb_text][et_pb_text _builder_version=\u00a0\u00bb4.15&Prime; _module_preset=\u00a0\u00bbdefault\u00a0\u00bb text_orientation=\u00a0\u00bbcenter\u00a0\u00bb global_colors_info=\u00a0\u00bb{}\u00a0\u00bb theme_builder_area=\u00a0\u00bbpost_content\u00a0\u00bb]<\/p>\n<h3><span style=\"font-weight: 400;\">1996 &#8211; 11 mai<\/span><\/h3>\n<p><span style=\"font-weight: 400;\">1. <strong>DE WAELE<\/strong> Fabien 2. <strong>DAS<\/strong> Koen 3. <strong>DE WOLF<\/strong> Steve<\/span><\/p>\n<p>[\/et_pb_text][et_pb_text _builder_version=\u00a0\u00bb4.15&Prime; _module_preset=\u00a0\u00bbdefault\u00a0\u00bb text_orientation=\u00a0\u00bbcenter\u00a0\u00bb global_colors_info=\u00a0\u00bb{}\u00a0\u00bb theme_builder_area=\u00a0\u00bbpost_content\u00a0\u00bb]<\/p>\n<h3><span style=\"font-weight: 400;\">1995 &#8211; 13 mai<\/span><\/h3>\n<p><span style=\"font-weight: 400;\">1. <strong>VERBRUGGHE<\/strong> Rik 2. <strong>DEMARBAIX<\/strong> S\u00e9bastien 3. <strong>KHALILOV<\/strong> Mikhaylo<\/span><\/p>\n<p>[\/et_pb_text][et_pb_text _builder_version=\u00a0\u00bb4.15&Prime; _module_preset=\u00a0\u00bbdefault\u00a0\u00bb text_orientation=\u00a0\u00bbcenter\u00a0\u00bb global_colors_info=\u00a0\u00bb{}\u00a0\u00bb theme_builder_area=\u00a0\u00bbpost_content\u00a0\u00bb]<\/p>\n<h3><span style=\"font-weight: 400;\">1994 &#8211; 14 mai<\/span><\/h3>\n<p><span style=\"font-weight: 400;\">1. <strong>CORNELIS<\/strong> Yannick 2. <strong>ROELANDT<\/strong> Patrick 3. <strong>VAN DE MEULENHOF<\/strong> Wim (Hol) <\/span><\/p>\n<p>[\/et_pb_text][et_pb_text _builder_version=\u00a0\u00bb4.15&Prime; _module_preset=\u00a0\u00bbdefault\u00a0\u00bb text_orientation=\u00a0\u00bbcenter\u00a0\u00bb global_colors_info=\u00a0\u00bb{}\u00a0\u00bb theme_builder_area=\u00a0\u00bbpost_content\u00a0\u00bb]<\/p>\n<h3><span style=\"font-weight: 400;\">1993 &#8211; 15 mai<\/span><\/h3>\n<p><span style=\"font-weight: 400;\">1. <strong>VAN DER MEER<\/strong> Casper 2. <strong>DE BUYST<\/strong> Franky 3. <strong>VERHEYEN<\/strong> Geert<\/span><\/p>\n<p>[\/et_pb_text][et_pb_text _builder_version=\u00a0\u00bb4.15&Prime; _module_preset=\u00a0\u00bbdefault\u00a0\u00bb text_orientation=\u00a0\u00bbcenter\u00a0\u00bb global_colors_info=\u00a0\u00bb{}\u00a0\u00bb content__hover_enabled=\u00a0\u00bbon|desktop\u00a0\u00bb content__hover=\u00a0\u00bb<\/p>\n<h3><span style=%22font-weight: 400;%22>1992 &#8211; 16 mai<\/span><\/h3>\n<p><span style=%22font-weight: 400;%22>1. <strong>DE SMET<\/strong> Nico 2. <strong>VAN DE MEULENHOF<\/strong> Wim 3. <strong>OPEEL<\/strong> J\u00fcrgen<\/span><\/p>\n<p>\u00a0\u00bb theme_builder_area=\u00a0\u00bbpost_content\u00a0\u00bb]<\/p>\n<h3><span style=\"font-weight: 400;\">1992 &#8211; 16 mai<\/span><\/h3>\n<p><span style=\"font-weight: 400;\">1. <strong>DE SMET<\/strong> Nico 2. <strong>VAN DE MEULENHOF<\/strong> Wim 3. <strong>OPEEL<\/strong> J\u00fcrgen<\/span><\/p>\n<p>[\/et_pb_text][et_pb_text _builder_version=\u00a0\u00bb4.15&Prime; _module_preset=\u00a0\u00bbdefault\u00a0\u00bb text_orientation=\u00a0\u00bbcenter\u00a0\u00bb global_colors_info=\u00a0\u00bb{}\u00a0\u00bb theme_builder_area=\u00a0\u00bbpost_content\u00a0\u00bb]<\/p>\n<h3><span style=\"font-weight: 400;\">1991 &#8211; 29 juin 1.<\/span><\/h3>\n<p><span style=\"font-weight: 400;\">1. <strong>DEJARDIN<\/strong> Fabrice 2. <strong>PIZIKS<\/strong> Arvis (Let) 3. <strong>HERINNE<\/strong> Pierre<\/span><\/p>\n<p>[\/et_pb_text][et_pb_text _builder_version=\u00a0\u00bb4.15&Prime; _module_preset=\u00a0\u00bbdefault\u00a0\u00bb text_orientation=\u00a0\u00bbcenter\u00a0\u00bb global_colors_info=\u00a0\u00bb{}\u00a0\u00bb theme_builder_area=\u00a0\u00bbpost_content\u00a0\u00bb]<\/p>\n<h3><span style=\"font-weight: 400;\">1990\u00a0 &#8211; 7 juillet<\/span><\/h3>\n<p><span style=\"font-weight: 400;\">1. <strong>REMELS<\/strong> Johan 2. <strong>VAN PETEGEM<\/strong> Peter 3. <strong>VERVOORT<\/strong> Wim<\/span><\/p>\n<p>[\/et_pb_text][et_pb_image src=\u00a0\u00bbhttps:\/\/lecircuitdewallonie.be\/en\/wp-content\/uploads\/2022\/04\/coup.png\u00a0\u00bb title_text=\u00a0\u00bbcoup\u00a0\u00bb align=\u00a0\u00bbcenter\u00a0\u00bb _builder_version=\u00a0\u00bb4.15&Prime; _module_preset=\u00a0\u00bbdefault\u00a0\u00bb module_alignment=\u00a0\u00bbcenter\u00a0\u00bb custom_margin=\u00a0\u00bb||3px|||\u00a0\u00bb custom_padding=\u00a0\u00bb||0px|||\u00a0\u00bb global_colors_info=\u00a0\u00bb{}\u00a0\u00bb theme_builder_area=\u00a0\u00bbpost_content\u00a0\u00bb][\/et_pb_image][et_pb_text admin_label=\u00a0\u00bbPopular Products Title\u00a0\u00bb _builder_version=\u00a0\u00bb4.15&Prime; text_font=\u00a0\u00bb||||||||\u00a0\u00bb header_font=\u00a0\u00bb||||||||\u00a0\u00bb header_2_font=\u00a0\u00bbRoboto|700||on|||||\u00a0\u00bb header_2_text_align=\u00a0\u00bbcenter\u00a0\u00bb header_2_font_size=\u00a0\u00bb30px\u00a0\u00bb header_2_letter_spacing=\u00a0\u00bb4px\u00a0\u00bb header_2_line_height=\u00a0\u00bb1.2em\u00a0\u00bb module_alignment=\u00a0\u00bbcenter\u00a0\u00bb custom_margin=\u00a0\u00bb||10px|\u00a0\u00bb custom_padding=\u00a0\u00bb||33px|||\u00a0\u00bb animation_style=\u00a0\u00bbfade\u00a0\u00bb locked=\u00a0\u00bboff\u00a0\u00bb global_colors_info=\u00a0\u00bb{}\u00a0\u00bb theme_builder_area=\u00a0\u00bbpost_content\u00a0\u00bb]<\/p>\n<h2>1980 &#8211; 1989<\/h2>\n<p>[\/et_pb_text][et_pb_text _builder_version=\u00a0\u00bb4.15&Prime; _module_preset=\u00a0\u00bbdefault\u00a0\u00bb text_orientation=\u00a0\u00bbcenter\u00a0\u00bb global_colors_info=\u00a0\u00bb{}\u00a0\u00bb theme_builder_area=\u00a0\u00bbpost_content\u00a0\u00bb]<\/p>\n<h3><span style=\"font-weight: 400;\">1989 &#8211; 8 juillet<\/span><\/h3>\n<p><span style=\"font-weight: 400;\">1. <strong>STASSE<\/strong> Michel 2. <strong>VAN STEENBERGEN<\/strong> Daniel 3. <strong>DE CLERCQ<\/strong> Eric<\/span><\/p>\n<p>[\/et_pb_text][et_pb_text _builder_version=\u00a0\u00bb4.15&Prime; _module_preset=\u00a0\u00bbdefault\u00a0\u00bb text_orientation=\u00a0\u00bbcenter\u00a0\u00bb global_colors_info=\u00a0\u00bb{}\u00a0\u00bb theme_builder_area=\u00a0\u00bbpost_content\u00a0\u00bb]<\/p>\n<h3><span style=\"font-weight: 400;\">1988 &#8211; 9 juillet<\/span><\/h3>\n<p><span style=\"font-weight: 400;\">1. <strong>BRASSEUR<\/strong> Jean-Fran\u00e7ois 2. <strong>FRANCKEN<\/strong> Frank 3. <strong>VERSTREPEN<\/strong> Johan<\/span><\/p>\n<p>[\/et_pb_text][et_pb_text _builder_version=\u00a0\u00bb4.15&Prime; _module_preset=\u00a0\u00bbdefault\u00a0\u00bb text_orientation=\u00a0\u00bbcenter\u00a0\u00bb global_colors_info=\u00a0\u00bb{}\u00a0\u00bb theme_builder_area=\u00a0\u00bbpost_content\u00a0\u00bb]<\/p>\n<h3><span style=\"font-weight: 400;\">1987 &#8211; 11 juillet<\/span><\/h3>\n<p><span style=\"font-weight: 400;\">1. <strong>DE CLERCQ<\/strong> Peter 2. <strong>VAN KEIRSBULCK<\/strong> Kurt 3. <strong>VERNIE<\/strong> Jean-Marie<\/span><\/p>\n<p>[\/et_pb_text][et_pb_text _builder_version=\u00a0\u00bb4.15&Prime; _module_preset=\u00a0\u00bbdefault\u00a0\u00bb text_orientation=\u00a0\u00bbcenter\u00a0\u00bb global_colors_info=\u00a0\u00bb{}\u00a0\u00bb theme_builder_area=\u00a0\u00bbpost_content\u00a0\u00bb]<\/p>\n<h3><span style=\"font-weight: 400;\">1986 &#8211; 6 juillet<\/span><\/h3>\n<p><span style=\"font-weight: 400;\">1. <strong>ROES<\/strong> Peter 2. <strong>PEETERS<\/strong> Erik 3. <strong>VERDEYEN<\/strong> Guido<\/span><\/p>\n<p>[\/et_pb_text][et_pb_text _builder_version=\u00a0\u00bb4.15&Prime; _module_preset=\u00a0\u00bbdefault\u00a0\u00bb text_orientation=\u00a0\u00bbcenter\u00a0\u00bb global_colors_info=\u00a0\u00bb{}\u00a0\u00bb theme_builder_area=\u00a0\u00bbpost_content\u00a0\u00bb]<\/p>\n<h3><span style=\"font-weight: 400;\">1985 &#8211; 6 juillet<\/span><\/h3>\n<p><span style=\"font-weight: 400;\">1. <strong>VAN LEEUWE<\/strong> Stefaan 2. <strong>CLARYSSE<\/strong> Dirk 3. <strong>VAN SWEEVELT<\/strong> Ronny<\/span><\/p>\n<p>[\/et_pb_text][et_pb_text _builder_version=\u00a0\u00bb4.15&Prime; _module_preset=\u00a0\u00bbdefault\u00a0\u00bb text_orientation=\u00a0\u00bbcenter\u00a0\u00bb global_colors_info=\u00a0\u00bb{}\u00a0\u00bb theme_builder_area=\u00a0\u00bbpost_content\u00a0\u00bb]<\/p>\n<h3><span style=\"font-weight: 400;\">1984 &#8211; 7 juillet<\/span><\/h3>\n<p><span style=\"font-weight: 400;\">1. <strong>VAN LEEUWE<\/strong> Stefaan 2. <strong>DEKEUKELAERE<\/strong> John 3. <strong>TOELEN<\/strong> Patrick<\/span><\/p>\n<p>[\/et_pb_text][et_pb_text _builder_version=\u00a0\u00bb4.15&Prime; _module_preset=\u00a0\u00bbdefault\u00a0\u00bb text_orientation=\u00a0\u00bbcenter\u00a0\u00bb global_colors_info=\u00a0\u00bb{}\u00a0\u00bb theme_builder_area=\u00a0\u00bbpost_content\u00a0\u00bb]<\/p>\n<h3><span style=\"font-weight: 400;\">1983 &#8211; 9 juillet<\/span><\/h3>\n<p><span style=\"font-weight: 400;\">1. <strong>FOUBERT<\/strong> Diederik 2. <strong>D&rsquo;HONDT<\/strong> Robert 3. <strong>PATRY<\/strong> Rudy<\/span><\/p>\n<p>[\/et_pb_text][et_pb_text _builder_version=\u00a0\u00bb4.15&Prime; _module_preset=\u00a0\u00bbdefault\u00a0\u00bb text_orientation=\u00a0\u00bbcenter\u00a0\u00bb global_colors_info=\u00a0\u00bb{}\u00a0\u00bb theme_builder_area=\u00a0\u00bbpost_content\u00a0\u00bb]<\/p>\n<h3><span style=\"font-weight: 400;\">1982 &#8211; 10 juillet<\/span><\/h3>\n<p><span style=\"font-weight: 400;\">1. <strong>COCQUYT<\/strong> Patrick 2. <strong>VAN EYNDE<\/strong> Willem 3. <strong>GODIMUS<\/strong> Yves<\/span><\/p>\n<p>[\/et_pb_text][et_pb_text _builder_version=\u00a0\u00bb4.15&Prime; _module_preset=\u00a0\u00bbdefault\u00a0\u00bb text_orientation=\u00a0\u00bbcenter\u00a0\u00bb global_colors_info=\u00a0\u00bb{}\u00a0\u00bb theme_builder_area=\u00a0\u00bbpost_content\u00a0\u00bb]<\/p>\n<h3><span style=\"font-weight: 400;\">1981 &#8211; 4 juillet<\/span><\/h3>\n<p><span style=\"font-weight: 400;\">1. <strong>DOCKX<\/strong> Kurt 2. <strong>SERGEANT<\/strong> Marc 3. <strong>VANDENBRANDE<\/strong> Marc<\/span><\/p>\n<p>[\/et_pb_text][et_pb_text _builder_version=\u00a0\u00bb4.15&Prime; _module_preset=\u00a0\u00bbdefault\u00a0\u00bb text_orientation=\u00a0\u00bbcenter\u00a0\u00bb global_colors_info=\u00a0\u00bb{}\u00a0\u00bb theme_builder_area=\u00a0\u00bbpost_content\u00a0\u00bb]<\/p>\n<h3><span style=\"font-weight: 400;\">1980 &#8211; 5 juillet<\/span><\/h3>\n<p><span style=\"font-weight: 400;\">1. <strong>HAGHEDOOREN<\/strong> Paul 2. <strong>BRUYNDONCKX<\/strong> Raoul 3. <strong>VAN GESTEL<\/strong> Gerrit<\/span><\/p>\n<p>[\/et_pb_text][et_pb_image src=\u00a0\u00bbhttps:\/\/lecircuitdewallonie.be\/en\/wp-content\/uploads\/2022\/04\/coup.png\u00a0\u00bb title_text=\u00a0\u00bbcoup\u00a0\u00bb align=\u00a0\u00bbcenter\u00a0\u00bb _builder_version=\u00a0\u00bb4.15&Prime; _module_preset=\u00a0\u00bbdefault\u00a0\u00bb module_alignment=\u00a0\u00bbcenter\u00a0\u00bb custom_margin=\u00a0\u00bb||3px|||\u00a0\u00bb custom_padding=\u00a0\u00bb||0px|||\u00a0\u00bb global_colors_info=\u00a0\u00bb{}\u00a0\u00bb theme_builder_area=\u00a0\u00bbpost_content\u00a0\u00bb][\/et_pb_image][et_pb_text admin_label=\u00a0\u00bbPopular Products Title\u00a0\u00bb _builder_version=\u00a0\u00bb4.15&Prime; text_font=\u00a0\u00bb||||||||\u00a0\u00bb header_font=\u00a0\u00bb||||||||\u00a0\u00bb header_2_font=\u00a0\u00bbRoboto|700||on|||||\u00a0\u00bb header_2_text_align=\u00a0\u00bbcenter\u00a0\u00bb header_2_font_size=\u00a0\u00bb30px\u00a0\u00bb header_2_letter_spacing=\u00a0\u00bb4px\u00a0\u00bb header_2_line_height=\u00a0\u00bb1.2em\u00a0\u00bb module_alignment=\u00a0\u00bbcenter\u00a0\u00bb custom_margin=\u00a0\u00bb||10px|\u00a0\u00bb custom_padding=\u00a0\u00bb||33px|||\u00a0\u00bb animation_style=\u00a0\u00bbfade\u00a0\u00bb locked=\u00a0\u00bboff\u00a0\u00bb global_colors_info=\u00a0\u00bb{}\u00a0\u00bb theme_builder_area=\u00a0\u00bbpost_content\u00a0\u00bb]<\/p>\n<h2>1970 &#8211; 1979<\/h2>\n<p>[\/et_pb_text][et_pb_text _builder_version=\u00a0\u00bb4.15&Prime; _module_preset=\u00a0\u00bbdefault\u00a0\u00bb text_orientation=\u00a0\u00bbcenter\u00a0\u00bb global_colors_info=\u00a0\u00bb{}\u00a0\u00bb theme_builder_area=\u00a0\u00bbpost_content\u00a0\u00bb]<\/p>\n<h3><span style=\"font-weight: 400;\">1979 &#8211; 7 juillet<\/span><\/h3>\n<p><span style=\"font-weight: 400;\">1. <strong>DE WILDE<\/strong> Etienne 2. <strong>NULENS<\/strong> Guy 3. <strong>HAGHEDOOREN<\/strong> Paul<\/span><\/p>\n<p>[\/et_pb_text][et_pb_text _builder_version=\u00a0\u00bb4.15&Prime; _module_preset=\u00a0\u00bbdefault\u00a0\u00bb text_orientation=\u00a0\u00bbcenter\u00a0\u00bb global_colors_info=\u00a0\u00bb{}\u00a0\u00bb theme_builder_area=\u00a0\u00bbpost_content\u00a0\u00bb]<\/p>\n<h3>1978 &#8211; 8 juillet<\/h3>\n<p>1. <strong>WILLEMS<\/strong> Daniel 2. <strong>DE WOLF<\/strong> Alfons 3. <strong>VAN HOLEN<\/strong> Ronny<\/p>\n<p>[\/et_pb_text][et_pb_text _builder_version=\u00a0\u00bb4.15&Prime; _module_preset=\u00a0\u00bbdefault\u00a0\u00bb text_orientation=\u00a0\u00bbcenter\u00a0\u00bb global_colors_info=\u00a0\u00bb{}\u00a0\u00bb theme_builder_area=\u00a0\u00bbpost_content\u00a0\u00bb]<\/p>\n<h3><span style=\"font-weight: 400;\">1977 &#8211; 9 juillet<\/span><\/h3>\n<p><span style=\"font-weight: 400;\">1. <strong>MARTENS<\/strong> Ren\u00e9 2. <strong>ROGGE<\/strong> Jean-Claude 3. <strong>THEUNIS<\/strong> Ludo<\/span><\/p>\n<p>[\/et_pb_text][et_pb_text _builder_version=\u00a0\u00bb4.15&Prime; _module_preset=\u00a0\u00bbdefault\u00a0\u00bb text_orientation=\u00a0\u00bbcenter\u00a0\u00bb global_colors_info=\u00a0\u00bb{}\u00a0\u00bb theme_builder_area=\u00a0\u00bbpost_content\u00a0\u00bb]<\/p>\n<h3><span style=\"font-weight: 400;\">1976\u00a0 &#8211; 3 juillet<\/span><\/h3>\n<p><span style=\"font-weight: 400;\">1. <strong>VAN DEN STEEN<\/strong> Andr\u00e9 2. <strong>SONNET<\/strong> Pierre 3. <strong>PEVENAGE<\/strong> Rudy<\/span><\/p>\n<p>[\/et_pb_text][et_pb_text _builder_version=\u00a0\u00bb4.15&Prime; _module_preset=\u00a0\u00bbdefault\u00a0\u00bb text_orientation=\u00a0\u00bbcenter\u00a0\u00bb global_colors_info=\u00a0\u00bb{}\u00a0\u00bb theme_builder_area=\u00a0\u00bbpost_content\u00a0\u00bb]<\/p>\n<h3><span style=\"font-weight: 400;\">1975 &#8211; 5 juillet <\/span><\/h3>\n<p><span style=\"font-weight: 400;\">1. <strong>VAN DEN HAUTE<\/strong> Ferdi 2. <strong>ONGENAE<\/strong> Dirk 3. <strong>DE MEYER<\/strong> Ronan<\/span><\/p>\n<p>[\/et_pb_text][et_pb_text _builder_version=\u00a0\u00bb4.15&Prime; _module_preset=\u00a0\u00bbdefault\u00a0\u00bb text_orientation=\u00a0\u00bbcenter\u00a0\u00bb global_colors_info=\u00a0\u00bb{}\u00a0\u00bb theme_builder_area=\u00a0\u00bbpost_content\u00a0\u00bb]<\/p>\n<h3><span style=\"font-weight: 400;\">1974 &#8211; 6 juillet<\/span><\/h3>\n<p><span>1. <strong>GIJSEMANS<\/strong> Jozef <\/span><span>2. <strong>RENIER<\/strong> Marc 3. <strong>LEMAN<\/strong> Luc<\/span><\/p>\n<p>[\/et_pb_text][et_pb_text _builder_version=\u00a0\u00bb4.15&Prime; _module_preset=\u00a0\u00bbdefault\u00a0\u00bb text_orientation=\u00a0\u00bbcenter\u00a0\u00bb global_colors_info=\u00a0\u00bb{}\u00a0\u00bb theme_builder_area=\u00a0\u00bbpost_content\u00a0\u00bb]<\/p>\n<h3><span style=\"font-weight: 400;\">1973 &#8211; 7 juillet<\/span><\/h3>\n<p>1.<strong> DE BEUKELAER<\/strong> Roger 2. <strong>VANDERSTAPPEN<\/strong> Jean 3. <strong>STEELS<\/strong> Marc<\/p>\n<p>[\/et_pb_text][et_pb_text _builder_version=\u00a0\u00bb4.15&Prime; _module_preset=\u00a0\u00bbdefault\u00a0\u00bb text_orientation=\u00a0\u00bbcenter\u00a0\u00bb global_colors_info=\u00a0\u00bb{}\u00a0\u00bb theme_builder_area=\u00a0\u00bbpost_content\u00a0\u00bb]<\/p>\n<h3><span style=\"font-weight: 400;\">1972\u00a0 &#8211; 8 juillet<\/span><\/h3>\n<p>1. <strong>DE BRAUWERE<\/strong> Lucien 2. <strong>COPPERS<\/strong> Andr\u00e9 3. <strong>SELS<\/strong> Karel<\/p>\n<p>[\/et_pb_text][et_pb_text _builder_version=\u00a0\u00bb4.15&Prime; _module_preset=\u00a0\u00bbdefault\u00a0\u00bb text_orientation=\u00a0\u00bbcenter\u00a0\u00bb global_colors_info=\u00a0\u00bb{}\u00a0\u00bb theme_builder_area=\u00a0\u00bbpost_content\u00a0\u00bb]<\/p>\n<h3>1971 &#8211; 10 juillet<\/h3>\n<p>1. <strong>VAN VLIERDEN<\/strong> Michel 2. <strong>WIJCKAERT<\/strong> Eric 3. <strong>VAN DER LINDEN<\/strong> Ludo<\/p>\n<p>[\/et_pb_text][et_pb_text _builder_version=\u00a0\u00bb4.15&Prime; _module_preset=\u00a0\u00bbdefault\u00a0\u00bb text_orientation=\u00a0\u00bbcenter\u00a0\u00bb global_colors_info=\u00a0\u00bb{}\u00a0\u00bb theme_builder_area=\u00a0\u00bbpost_content\u00a0\u00bb]<\/p>\n<h3>1970 &#8211; 11 juillet<\/h3>\n<p>1. <strong>ABBELOOS<\/strong> Willy 2. <strong>DOCKX<\/strong> Th\u00e9o 3. <strong>VAN DEN DAELE<\/strong> Luc<\/p>\n<p>[\/et_pb_text][et_pb_image src=\u00a0\u00bbhttps:\/\/lecircuitdewallonie.be\/en\/wp-content\/uploads\/2022\/04\/coup.png\u00a0\u00bb title_text=\u00a0\u00bbcoup\u00a0\u00bb align=\u00a0\u00bbcenter\u00a0\u00bb _builder_version=\u00a0\u00bb4.15&Prime; _module_preset=\u00a0\u00bbdefault\u00a0\u00bb module_alignment=\u00a0\u00bbcenter\u00a0\u00bb custom_margin=\u00a0\u00bb||3px|||\u00a0\u00bb custom_padding=\u00a0\u00bb||0px|||\u00a0\u00bb global_colors_info=\u00a0\u00bb{}\u00a0\u00bb theme_builder_area=\u00a0\u00bbpost_content\u00a0\u00bb][\/et_pb_image][et_pb_text admin_label=\u00a0\u00bbPopular Products Title\u00a0\u00bb _builder_version=\u00a0\u00bb4.15&Prime; text_font=\u00a0\u00bb||||||||\u00a0\u00bb header_font=\u00a0\u00bb||||||||\u00a0\u00bb header_2_font=\u00a0\u00bbRoboto|700||on|||||\u00a0\u00bb header_2_text_align=\u00a0\u00bbcenter\u00a0\u00bb header_2_font_size=\u00a0\u00bb30px\u00a0\u00bb header_2_letter_spacing=\u00a0\u00bb4px\u00a0\u00bb header_2_line_height=\u00a0\u00bb1.2em\u00a0\u00bb module_alignment=\u00a0\u00bbcenter\u00a0\u00bb custom_margin=\u00a0\u00bb||10px|\u00a0\u00bb custom_padding=\u00a0\u00bb||33px|||\u00a0\u00bb animation_style=\u00a0\u00bbfade\u00a0\u00bb locked=\u00a0\u00bboff\u00a0\u00bb global_colors_info=\u00a0\u00bb{}\u00a0\u00bb theme_builder_area=\u00a0\u00bbpost_content\u00a0\u00bb]<\/p>\n<h2>1966 &#8211; 1969<\/h2>\n<p>[\/et_pb_text][et_pb_text _builder_version=\u00a0\u00bb4.15&Prime; _module_preset=\u00a0\u00bbdefault\u00a0\u00bb text_orientation=\u00a0\u00bbcenter\u00a0\u00bb global_colors_info=\u00a0\u00bb{}\u00a0\u00bb theme_builder_area=\u00a0\u00bbpost_content\u00a0\u00bb]<\/p>\n<h3>1969 &#8211; 12 juillet<\/h3>\n<p>1. <strong>CRAPEZ<\/strong> Paul 2. <strong>MONSER\u00c9<\/strong> Jean-Pierre 3. <strong>VAN ROOSBROECK<\/strong> Gustaaf<\/p>\n<p>[\/et_pb_text][et_pb_text _builder_version=\u00a0\u00bb4.15&Prime; _module_preset=\u00a0\u00bbdefault\u00a0\u00bb text_orientation=\u00a0\u00bbcenter\u00a0\u00bb global_colors_info=\u00a0\u00bb{}\u00a0\u00bb theme_builder_area=\u00a0\u00bbpost_content\u00a0\u00bb]<\/p>\n<h3>1968 &#8211; 6 juillet<\/h3>\n<p>1. <strong>SCHOETERS<\/strong> Joseph 2. <strong>DEWITTE<\/strong> Ronald 3. <strong>OPDEBEECK<\/strong> Englebert<\/p>\n<p>[\/et_pb_text][et_pb_text _builder_version=\u00a0\u00bb4.15&Prime; _module_preset=\u00a0\u00bbdefault\u00a0\u00bb text_orientation=\u00a0\u00bbcenter\u00a0\u00bb global_colors_info=\u00a0\u00bb{}\u00a0\u00bb theme_builder_area=\u00a0\u00bbpost_content\u00a0\u00bb]<\/p>\n<h3>1967 -16 juillet<\/h3>\n<p>1. <strong>SCHOETERS<\/strong> Joseph 2. <strong>DE GEEST<\/strong> Willy 3. <strong>PAUWELS<\/strong> Romain<\/p>\n<p>[\/et_pb_text][et_pb_text _builder_version=\u00a0\u00bb4.15&Prime; _module_preset=\u00a0\u00bbdefault\u00a0\u00bb text_orientation=\u00a0\u00bbcenter\u00a0\u00bb global_colors_info=\u00a0\u00bb{}\u00a0\u00bb theme_builder_area=\u00a0\u00bbpost_content\u00a0\u00bb]<\/p>\n<h3>1966 &#8211; 30 juillet<\/h3>\n<p>1. <strong>ROSIERS<\/strong> Roger 2. <strong>VAN SWEEVELT<\/strong> Val\u00e8re 3. <strong>FURNIERE<\/strong> Romain<\/p>\n<p>[\/et_pb_text][\/et_pb_column][\/et_pb_row][\/et_pb_section][et_pb_section fb_built=\u00a0\u00bb1&Prime; admin_label=\u00a0\u00bbHero Section\u00a0\u00bb _builder_version=\u00a0\u00bb4.15&Prime; background_color=\u00a0\u00bb#d3dae4&Prime; background_image=\u00a0\u00bbhttps:\/\/lecircuitdewallonie.be\/en\/wp-content\/uploads\/2022\/04\/simon-connellan-fwcKW1KMc40-unsplash-scaled-1.jpg\u00a0\u00bb parallax=\u00a0\u00bbon\u00a0\u00bb custom_margin=\u00a0\u00bb60px|0px|0px|0px|false|false\u00a0\u00bb custom_margin_tablet=\u00a0\u00bb\u00a0\u00bb custom_margin_phone=\u00a0\u00bb0px|0px|0px|0px\u00a0\u00bb custom_margin_last_edited=\u00a0\u00bbon|phone\u00a0\u00bb custom_padding=\u00a0\u00bb149px|0px|176px|0px|false|false\u00a0\u00bb collapsed=\u00a0\u00bboff\u00a0\u00bb global_colors_info=\u00a0\u00bb{}\u00a0\u00bb theme_builder_area=\u00a0\u00bbpost_content\u00a0\u00bb][\/et_pb_section][et_pb_section fb_built=\u00a0\u00bb1&Prime; admin_label=\u00a0\u00bbFeatures\u00a0\u00bb _builder_version=\u00a0\u00bb4.15&Prime; custom_padding=\u00a0\u00bb50px||50px||true|\u00a0\u00bb global_module=\u00a0\u00bb361&Prime; saved_tabs=\u00a0\u00bball\u00a0\u00bb collapsed=\u00a0\u00bboff\u00a0\u00bb global_colors_info=\u00a0\u00bb{}\u00a0\u00bb theme_builder_area=\u00a0\u00bbpost_content\u00a0\u00bb][et_pb_row _builder_version=\u00a0\u00bb4.15&Prime; custom_padding=\u00a0\u00bb|||\u00a0\u00bb global_colors_info=\u00a0\u00bb{}\u00a0\u00bb theme_builder_area=\u00a0\u00bbpost_content\u00a0\u00bb][et_pb_column type=\u00a0\u00bb4_4&Prime; _builder_version=\u00a0\u00bb4.15&Prime; custom_padding=\u00a0\u00bb|||\u00a0\u00bb global_colors_info=\u00a0\u00bb{}\u00a0\u00bb custom_padding__hover=\u00a0\u00bb|||\u00a0\u00bb theme_builder_area=\u00a0\u00bbpost_content\u00a0\u00bb][et_pb_text admin_label=\u00a0\u00bbPopular Products Title\u00a0\u00bb _builder_version=\u00a0\u00bb4.15.1&Prime; text_font=\u00a0\u00bb||||||||\u00a0\u00bb header_font=\u00a0\u00bb||||||||\u00a0\u00bb header_2_font=\u00a0\u00bbRoboto|700||on|||||\u00a0\u00bb header_2_text_align=\u00a0\u00bbcenter\u00a0\u00bb header_2_font_size=\u00a0\u00bb30px\u00a0\u00bb header_2_letter_spacing=\u00a0\u00bb4px\u00a0\u00bb header_2_line_height=\u00a0\u00bb1.2em\u00a0\u00bb module_alignment=\u00a0\u00bbcenter\u00a0\u00bb custom_margin=\u00a0\u00bb||10px|\u00a0\u00bb custom_padding=\u00a0\u00bb|||\u00a0\u00bb animation_style=\u00a0\u00bbfade\u00a0\u00bb locked=\u00a0\u00bboff\u00a0\u00bb global_colors_info=\u00a0\u00bb{}\u00a0\u00bb theme_builder_area=\u00a0\u00bbpost_content\u00a0\u00bb]<\/p>\n<h2>Partners &amp; sponsors<\/h2>\n<p>[\/et_pb_text][et_pb_divider color=\u00a0\u00bb#ffb500&Prime; divider_weight=\u00a0\u00bb2px\u00a0\u00bb disabled_on=\u00a0\u00bboff|off|off\u00a0\u00bb _builder_version=\u00a0\u00bb4.15&Prime; max_width=\u00a0\u00bb100px\u00a0\u00bb module_alignment=\u00a0\u00bbcenter\u00a0\u00bb animation_style=\u00a0\u00bbfade\u00a0\u00bb custom_css_main_element=\u00a0\u00bb||\u00a0\u00bb locked=\u00a0\u00bboff\u00a0\u00bb global_colors_info=\u00a0\u00bb{}\u00a0\u00bb theme_builder_area=\u00a0\u00bbpost_content\u00a0\u00bb][\/et_pb_divider][\/et_pb_column][\/et_pb_row][et_pb_row column_structure=\u00a0\u00bb1_5,1_5,1_5,1_5,1_5&Prime; _builder_version=\u00a0\u00bb4.15&Prime; _module_preset=\u00a0\u00bbdefault\u00a0\u00bb global_colors_info=\u00a0\u00bb{}\u00a0\u00bb theme_builder_area=\u00a0\u00bbpost_content\u00a0\u00bb][et_pb_column type=\u00a0\u00bb1_5&Prime; _builder_version=\u00a0\u00bb4.15&Prime; _module_preset=\u00a0\u00bbdefault\u00a0\u00bb global_colors_info=\u00a0\u00bb{}\u00a0\u00bb theme_builder_area=\u00a0\u00bbpost_content\u00a0\u00bb][et_pb_image src=\u00a0\u00bbhttps:\/\/lecircuitdewallonie.be\/en\/wp-content\/uploads\/2022\/04\/20.logo_.jpg\u00a0\u00bb title_text=\u00a0\u00bb20.logo\u00a0\u00bb url=\u00a0\u00bbhttp:\/\/www.federationcyclistewalloniebruxelles.be\/home3.asp?ClubID=563&#038;LG=FR\u00a0\u00bb url_new_window=\u00a0\u00bbon\u00a0\u00bb align=\u00a0\u00bbcenter\u00a0\u00bb _builder_version=\u00a0\u00bb4.15&Prime; _module_preset=\u00a0\u00bbdefault\u00a0\u00bb global_colors_info=\u00a0\u00bb{}\u00a0\u00bb theme_builder_area=\u00a0\u00bbpost_content\u00a0\u00bb][\/et_pb_image][\/et_pb_column][et_pb_column type=\u00a0\u00bb1_5&Prime; _builder_version=\u00a0\u00bb4.15&Prime; _module_preset=\u00a0\u00bbdefault\u00a0\u00bb global_colors_info=\u00a0\u00bb{}\u00a0\u00bb theme_builder_area=\u00a0\u00bbpost_content\u00a0\u00bb][et_pb_image src=\u00a0\u00bbhttps:\/\/lecircuitdewallonie.be\/en\/wp-content\/uploads\/2022\/04\/cw-1.jpg\u00a0\u00bb title_text=\u00a0\u00bbcw (1)\u00a0\u00bb url=\u00a0\u00bbhttps:\/\/www.charleroi.be\/vivre\/sport\u00a0\u00bb url_new_window=\u00a0\u00bbon\u00a0\u00bb align=\u00a0\u00bbcenter\u00a0\u00bb _builder_version=\u00a0\u00bb4.15&Prime; _module_preset=\u00a0\u00bbdefault\u00a0\u00bb global_colors_info=\u00a0\u00bb{}\u00a0\u00bb theme_builder_area=\u00a0\u00bbpost_content\u00a0\u00bb][\/et_pb_image][\/et_pb_column][et_pb_column type=\u00a0\u00bb1_5&Prime; _builder_version=\u00a0\u00bb4.15&Prime; _module_preset=\u00a0\u00bbdefault\u00a0\u00bb global_colors_info=\u00a0\u00bb{}\u00a0\u00bb theme_builder_area=\u00a0\u00bbpost_content\u00a0\u00bb][et_pb_image src=\u00a0\u00bbhttps:\/\/lecircuitdewallonie.be\/en\/wp-content\/uploads\/2023\/04\/Lebrun_Logo-1-300&#215;85.png\u00a0\u00bb title_text=\u00a0\u00bbLebrun_Logo\u00a0\u00bb url=\u00a0\u00bbhttp:\/\/lebruncommunication.be\u00a0\u00bb align=\u00a0\u00bbcenter\u00a0\u00bb _builder_version=\u00a0\u00bb4.15.1&Prime; _module_preset=\u00a0\u00bbdefault\u00a0\u00bb global_colors_info=\u00a0\u00bb{}\u00a0\u00bb theme_builder_area=\u00a0\u00bbpost_content\u00a0\u00bb][\/et_pb_image][\/et_pb_column][et_pb_column type=\u00a0\u00bb1_5&Prime; _builder_version=\u00a0\u00bb4.15&Prime; _module_preset=\u00a0\u00bbdefault\u00a0\u00bb global_colors_info=\u00a0\u00bb{}\u00a0\u00bb theme_builder_area=\u00a0\u00bbpost_content\u00a0\u00bb][et_pb_image src=\u00a0\u00bbhttps:\/\/lecircuitdewallonie.be\/en\/wp-content\/uploads\/2022\/04\/cw-5.jpg\u00a0\u00bb title_text=\u00a0\u00bbcw (5)\u00a0\u00bb url=\u00a0\u00bbhttps:\/\/infrastructures.wallonie.be\/entreprises&#8211;non-marchand\/nos-thematiques\/infrastructures-locales\/infrasports.html\u00a0\u00bb url_new_window=\u00a0\u00bbon\u00a0\u00bb align=\u00a0\u00bbcenter\u00a0\u00bb _builder_version=\u00a0\u00bb4.15.1&Prime; _module_preset=\u00a0\u00bbdefault\u00a0\u00bb global_colors_info=\u00a0\u00bb{}\u00a0\u00bb theme_builder_area=\u00a0\u00bbpost_content\u00a0\u00bb][\/et_pb_image][\/et_pb_column][et_pb_column type=\u00a0\u00bb1_5&Prime; _builder_version=\u00a0\u00bb4.15&Prime; _module_preset=\u00a0\u00bbdefault\u00a0\u00bb global_colors_info=\u00a0\u00bb{}\u00a0\u00bb theme_builder_area=\u00a0\u00bbpost_content\u00a0\u00bb][et_pb_image src=\u00a0\u00bbhttps:\/\/lecircuitdewallonie.be\/en\/wp-content\/uploads\/2022\/04\/cw-9.jpg\u00a0\u00bb title_text=\u00a0\u00bbcw (9)\u00a0\u00bb url=\u00a0\u00bbhttps:\/\/www.uci.org\/fr\u00a0\u00bb url_new_window=\u00a0\u00bbon\u00a0\u00bb align=\u00a0\u00bbcenter\u00a0\u00bb _builder_version=\u00a0\u00bb4.15&Prime; _module_preset=\u00a0\u00bbdefault\u00a0\u00bb global_colors_info=\u00a0\u00bb{}\u00a0\u00bb theme_builder_area=\u00a0\u00bbpost_content\u00a0\u00bb][\/et_pb_image][\/et_pb_column][\/et_pb_row][et_pb_row column_structure=\u00a0\u00bb1_5,1_5,1_5,1_5,1_5&Prime; make_equal=\u00a0\u00bbon\u00a0\u00bb _builder_version=\u00a0\u00bb4.15&Prime; _module_preset=\u00a0\u00bbdefault\u00a0\u00bb global_colors_info=\u00a0\u00bb{}\u00a0\u00bb theme_builder_area=\u00a0\u00bbpost_content\u00a0\u00bb][et_pb_column type=\u00a0\u00bb1_5&Prime; _builder_version=\u00a0\u00bb4.15&Prime; _module_preset=\u00a0\u00bbdefault\u00a0\u00bb global_colors_info=\u00a0\u00bb{}\u00a0\u00bb theme_builder_area=\u00a0\u00bbpost_content\u00a0\u00bb][et_pb_image src=\u00a0\u00bbhttps:\/\/lecircuitdewallonie.be\/en\/wp-content\/uploads\/2022\/04\/1200x1200bb.jpg\u00a0\u00bb title_text=\u00a0\u00bb1200x1200bb\u00a0\u00bb url=\u00a0\u00bbhttps:\/\/www.rtbf.be\/sport\/\u00a0\u00bb url_new_window=\u00a0\u00bbon\u00a0\u00bb align=\u00a0\u00bbcenter\u00a0\u00bb _builder_version=\u00a0\u00bb4.15&Prime; _module_preset=\u00a0\u00bbdefault\u00a0\u00bb global_colors_info=\u00a0\u00bb{}\u00a0\u00bb theme_builder_area=\u00a0\u00bbpost_content\u00a0\u00bb][\/et_pb_image][\/et_pb_column][et_pb_column type=\u00a0\u00bb1_5&Prime; _builder_version=\u00a0\u00bb4.15&Prime; _module_preset=\u00a0\u00bbdefault\u00a0\u00bb global_colors_info=\u00a0\u00bb{}\u00a0\u00bb theme_builder_area=\u00a0\u00bbpost_content\u00a0\u00bb][et_pb_image src=\u00a0\u00bbhttps:\/\/lecircuitdewallonie.be\/en\/wp-content\/uploads\/2023\/04\/hupe-logo-new-oct-11-300&#215;212.jpg\u00a0\u00bb title_text=\u00a0\u00bbhup\u00e9 logo new oct-11&Prime; url=\u00a0\u00bbhttp:\/\/hupe.be\u00a0\u00bb url_new_window=\u00a0\u00bbon\u00a0\u00bb align=\u00a0\u00bbcenter\u00a0\u00bb _builder_version=\u00a0\u00bb4.15.1&Prime; _module_preset=\u00a0\u00bbdefault\u00a0\u00bb global_colors_info=\u00a0\u00bb{}\u00a0\u00bb theme_builder_area=\u00a0\u00bbpost_content\u00a0\u00bb][\/et_pb_image][\/et_pb_column][et_pb_column type=\u00a0\u00bb1_5&Prime; _builder_version=\u00a0\u00bb4.15&Prime; _module_preset=\u00a0\u00bbdefault\u00a0\u00bb global_colors_info=\u00a0\u00bb{}\u00a0\u00bb theme_builder_area=\u00a0\u00bbpost_content\u00a0\u00bb][et_pb_image src=\u00a0\u00bbhttps:\/\/lecircuitdewallonie.be\/en\/wp-content\/uploads\/2022\/04\/logo-dhlessportsplus-fondblanc.png\u00a0\u00bb title_text=\u00a0\u00bblogo-dhlessportsplus-fondblanc\u00a0\u00bb url=\u00a0\u00bbhttps:\/\/www.dhnet.be\/sports\u00a0\u00bb url_new_window=\u00a0\u00bbon\u00a0\u00bb align=\u00a0\u00bbcenter\u00a0\u00bb _builder_version=\u00a0\u00bb4.15&Prime; _module_preset=\u00a0\u00bbdefault\u00a0\u00bb global_colors_info=\u00a0\u00bb{}\u00a0\u00bb theme_builder_area=\u00a0\u00bbpost_content\u00a0\u00bb][\/et_pb_image][\/et_pb_column][et_pb_column type=\u00a0\u00bb1_5&Prime; _builder_version=\u00a0\u00bb4.15&Prime; _module_preset=\u00a0\u00bbdefault\u00a0\u00bb global_colors_info=\u00a0\u00bb{}\u00a0\u00bb theme_builder_area=\u00a0\u00bbpost_content\u00a0\u00bb][et_pb_image src=\u00a0\u00bbhttps:\/\/lecircuitdewallonie.be\/en\/wp-content\/uploads\/2022\/04\/9.logo_.jpg\u00a0\u00bb title_text=\u00a0\u00bbFWB\u00a0\u00bb url=\u00a0\u00bbhttp:\/\/www.federation-wallonie-bruxelles.be\u00a0\u00bb url_new_window=\u00a0\u00bbon\u00a0\u00bb align=\u00a0\u00bbcenter\u00a0\u00bb _builder_version=\u00a0\u00bb4.15&Prime; _module_preset=\u00a0\u00bbdefault\u00a0\u00bb global_colors_info=\u00a0\u00bb{}\u00a0\u00bb theme_builder_area=\u00a0\u00bbpost_content\u00a0\u00bb][\/et_pb_image][\/et_pb_column][et_pb_column type=\u00a0\u00bb1_5&Prime; _builder_version=\u00a0\u00bb4.15&Prime; _module_preset=\u00a0\u00bbdefault\u00a0\u00bb custom_css_main_element=\u00a0\u00bbmargin: auto;\u00a0\u00bb global_colors_info=\u00a0\u00bb{}\u00a0\u00bb theme_builder_area=\u00a0\u00bbpost_content\u00a0\u00bb][et_pb_image src=\u00a0\u00bbhttps:\/\/lecircuitdewallonie.be\/en\/wp-content\/uploads\/2022\/04\/Woodini__Vertical-1-1024&#215;552.jpg\u00a0\u00bb title_text=\u00a0\u00bbWoodini__Vertical\u00a0\u00bb url=\u00a0\u00bbhttp:\/\/woodini.store\u00a0\u00bb url_new_window=\u00a0\u00bbon\u00a0\u00bb align=\u00a0\u00bbcenter\u00a0\u00bb _builder_version=\u00a0\u00bb4.15.1&Prime; _module_preset=\u00a0\u00bbdefault\u00a0\u00bb width=\u00a0\u00bb100%\u00a0\u00bb min_height=\u00a0\u00bb68px\u00a0\u00bb height=\u00a0\u00bb70px\u00a0\u00bb global_colors_info=\u00a0\u00bb{}\u00a0\u00bb theme_builder_area=\u00a0\u00bbpost_content\u00a0\u00bb][\/et_pb_image][\/et_pb_column][\/et_pb_row][et_pb_row column_structure=\u00a0\u00bb1_5,1_5,1_5,1_5,1_5&Prime; make_equal=\u00a0\u00bbon\u00a0\u00bb _builder_version=\u00a0\u00bb4.15&Prime; _module_preset=\u00a0\u00bbdefault\u00a0\u00bb global_colors_info=\u00a0\u00bb{}\u00a0\u00bb theme_builder_area=\u00a0\u00bbpost_content\u00a0\u00bb][et_pb_column type=\u00a0\u00bb1_5&Prime; _builder_version=\u00a0\u00bb4.15&Prime; _module_preset=\u00a0\u00bbdefault\u00a0\u00bb custom_css_main_element=\u00a0\u00bbmargin: auto;\u00a0\u00bb global_colors_info=\u00a0\u00bb{}\u00a0\u00bb theme_builder_area=\u00a0\u00bbpost_content\u00a0\u00bb][et_pb_image src=\u00a0\u00bbhttps:\/\/lecircuitdewallonie.be\/en\/wp-content\/uploads\/2022\/04\/Partena_pos_rgb.jpg\u00a0\u00bb title_text=\u00a0\u00bbPartena_pos_rgb\u00a0\u00bb url=\u00a0\u00bbhttps:\/\/www.partena-professional.be\/fr\u00a0\u00bb url_new_window=\u00a0\u00bbon\u00a0\u00bb align=\u00a0\u00bbcenter\u00a0\u00bb _builder_version=\u00a0\u00bb4.15.1&Prime; _module_preset=\u00a0\u00bbdefault\u00a0\u00bb global_colors_info=\u00a0\u00bb{}\u00a0\u00bb theme_builder_area=\u00a0\u00bbpost_content\u00a0\u00bb][\/et_pb_image][\/et_pb_column][et_pb_column type=\u00a0\u00bb1_5&Prime; _builder_version=\u00a0\u00bb4.15&Prime; _module_preset=\u00a0\u00bbdefault\u00a0\u00bb custom_css_main_element=\u00a0\u00bbmargin: auto;\u00a0\u00bb global_colors_info=\u00a0\u00bb{}\u00a0\u00bb theme_builder_area=\u00a0\u00bbpost_content\u00a0\u00bb][et_pb_image src=\u00a0\u00bbhttps:\/\/lecircuitdewallonie.be\/en\/wp-content\/uploads\/2022\/04\/12.logo_.jpg\u00a0\u00bb title_text=\u00a0\u00bblogo-jaguar\u00a0\u00bb url=\u00a0\u00bbhttps:\/\/jaguarlandrover.garage-leone.be\/modeles-jaguar\u00a0\u00bb url_new_window=\u00a0\u00bbon\u00a0\u00bb align=\u00a0\u00bbcenter\u00a0\u00bb _builder_version=\u00a0\u00bb4.15&Prime; _module_preset=\u00a0\u00bbdefault\u00a0\u00bb global_colors_info=\u00a0\u00bb{}\u00a0\u00bb theme_builder_area=\u00a0\u00bbpost_content\u00a0\u00bb][\/et_pb_image][\/et_pb_column][et_pb_column type=\u00a0\u00bb1_5&Prime; _builder_version=\u00a0\u00bb4.15&Prime; _module_preset=\u00a0\u00bbdefault\u00a0\u00bb custom_css_main_element=\u00a0\u00bbmargin: auto;\u00a0\u00bb global_colors_info=\u00a0\u00bb{}\u00a0\u00bb theme_builder_area=\u00a0\u00bbpost_content\u00a0\u00bb][et_pb_image src=\u00a0\u00bbhttps:\/\/lecircuitdewallonie.be\/en\/wp-content\/uploads\/2022\/04\/10.logo_.jpg\u00a0\u00bb title_text=\u00a0\u00bblogo_garage_leone_0&Prime; url=\u00a0\u00bbhttps:\/\/www.garage-leone.be\u00a0\u00bb url_new_window=\u00a0\u00bbon\u00a0\u00bb align=\u00a0\u00bbcenter\u00a0\u00bb _builder_version=\u00a0\u00bb4.15&Prime; _module_preset=\u00a0\u00bbdefault\u00a0\u00bb custom_css_main_element=\u00a0\u00bbmargin: auto;\u00a0\u00bb global_colors_info=\u00a0\u00bb{}\u00a0\u00bb theme_builder_area=\u00a0\u00bbpost_content\u00a0\u00bb][\/et_pb_image][\/et_pb_column][et_pb_column type=\u00a0\u00bb1_5&Prime; _builder_version=\u00a0\u00bb4.15&Prime; _module_preset=\u00a0\u00bbdefault\u00a0\u00bb custom_css_main_element=\u00a0\u00bbmargin: auto;\u00a0\u00bb global_colors_info=\u00a0\u00bb{}\u00a0\u00bb theme_builder_area=\u00a0\u00bbpost_content\u00a0\u00bb][et_pb_image src=\u00a0\u00bbhttps:\/\/lecircuitdewallonie.be\/en\/wp-content\/uploads\/2022\/04\/14.logo_.png\u00a0\u00bb title_text=\u00a0\u00bb14.logo\u00a0\u00bb url=\u00a0\u00bbhttps:\/\/jaguarlandrover.garage-leone.be\/modeles-land-rover\u00a0\u00bb url_new_window=\u00a0\u00bbon\u00a0\u00bb align=\u00a0\u00bbcenter\u00a0\u00bb _builder_version=\u00a0\u00bb4.15&Prime; _module_preset=\u00a0\u00bbdefault\u00a0\u00bb global_colors_info=\u00a0\u00bb{}\u00a0\u00bb theme_builder_area=\u00a0\u00bbpost_content\u00a0\u00bb][\/et_pb_image][\/et_pb_column][et_pb_column type=\u00a0\u00bb1_5&Prime; _builder_version=\u00a0\u00bb4.15&Prime; _module_preset=\u00a0\u00bbdefault\u00a0\u00bb custom_css_main_element=\u00a0\u00bbmargin: auto;\u00a0\u00bb global_colors_info=\u00a0\u00bb{}\u00a0\u00bb theme_builder_area=\u00a0\u00bbpost_content\u00a0\u00bb][et_pb_image src=\u00a0\u00bbhttps:\/\/lecircuitdewallonie.be\/en\/wp-content\/uploads\/2023\/04\/Mewa_Logo_RGB_red-300&#215;56.png\u00a0\u00bb title_text=\u00a0\u00bbMewa_Logo_RGB_red\u00a0\u00bb url=\u00a0\u00bbhttps:\/\/www.mewa.be\u00a0\u00bb url_new_window=\u00a0\u00bbon\u00a0\u00bb align=\u00a0\u00bbcenter\u00a0\u00bb _builder_version=\u00a0\u00bb4.15.1&Prime; _module_preset=\u00a0\u00bbdefault\u00a0\u00bb global_colors_info=\u00a0\u00bb{}\u00a0\u00bb theme_builder_area=\u00a0\u00bbpost_content\u00a0\u00bb][\/et_pb_image][\/et_pb_column][\/et_pb_row][et_pb_row column_structure=\u00a0\u00bb1_5,1_5,1_5,1_5,1_5&Prime; make_equal=\u00a0\u00bbon\u00a0\u00bb _builder_version=\u00a0\u00bb4.15&Prime; _module_preset=\u00a0\u00bbdefault\u00a0\u00bb global_colors_info=\u00a0\u00bb{}\u00a0\u00bb theme_builder_area=\u00a0\u00bbpost_content\u00a0\u00bb][et_pb_column type=\u00a0\u00bb1_5&Prime; _builder_version=\u00a0\u00bb4.15&Prime; _module_preset=\u00a0\u00bbdefault\u00a0\u00bb custom_css_main_element=\u00a0\u00bbmargin: auto;\u00a0\u00bb global_colors_info=\u00a0\u00bb{}\u00a0\u00bb theme_builder_area=\u00a0\u00bbpost_content\u00a0\u00bb][et_pb_image src=\u00a0\u00bbhttps:\/\/lecircuitdewallonie.be\/en\/wp-content\/uploads\/2023\/04\/Lidl-Logo.svg_-1-300&#215;300.png\u00a0\u00bb title_text=\u00a0\u00bbLidl-Logo.svg\u00a0\u00bb url=\u00a0\u00bbhttps:\/\/www.supermarche-match.be\u00a0\u00bb url_new_window=\u00a0\u00bbon\u00a0\u00bb align=\u00a0\u00bbcenter\u00a0\u00bb _builder_version=\u00a0\u00bb4.15.1&Prime; _module_preset=\u00a0\u00bbdefault\u00a0\u00bb global_colors_info=\u00a0\u00bb{}\u00a0\u00bb theme_builder_area=\u00a0\u00bbpost_content\u00a0\u00bb][\/et_pb_image][\/et_pb_column][et_pb_column type=\u00a0\u00bb1_5&Prime; _builder_version=\u00a0\u00bb4.15&Prime; _module_preset=\u00a0\u00bbdefault\u00a0\u00bb custom_css_main_element=\u00a0\u00bbmargin: auto;\u00a0\u00bb global_colors_info=\u00a0\u00bb{}\u00a0\u00bb theme_builder_area=\u00a0\u00bbpost_content\u00a0\u00bb][et_pb_image src=\u00a0\u00bbhttps:\/\/lecircuitdewallonie.be\/en\/wp-content\/uploads\/2022\/04\/Logo_LOTTO_Circle_CS2.jpg\u00a0\u00bb title_text=\u00a0\u00bbPrint\u00a0\u00bb url=\u00a0\u00bbhttps:\/\/www.loterie-nationale.be\/nos-jeux\/lotto\u00a0\u00bb url_new_window=\u00a0\u00bbon\u00a0\u00bb align=\u00a0\u00bbcenter\u00a0\u00bb _builder_version=\u00a0\u00bb4.15.1&Prime; _module_preset=\u00a0\u00bbdefault\u00a0\u00bb global_colors_info=\u00a0\u00bb{}\u00a0\u00bb theme_builder_area=\u00a0\u00bbpost_content\u00a0\u00bb][\/et_pb_image][\/et_pb_column][et_pb_column type=\u00a0\u00bb1_5&Prime; _builder_version=\u00a0\u00bb4.15&Prime; _module_preset=\u00a0\u00bbdefault\u00a0\u00bb custom_css_main_element=\u00a0\u00bbmargin: auto;\u00a0\u00bb global_colors_info=\u00a0\u00bb{}\u00a0\u00bb theme_builder_area=\u00a0\u00bbpost_content\u00a0\u00bb][et_pb_image src=\u00a0\u00bbhttps:\/\/lecircuitdewallonie.be\/en\/wp-content\/uploads\/2022\/04\/TotalEnergies_Logo_RGB.png\u00a0\u00bb title_text=\u00a0\u00bbTotalEnergies_Logo_RGB\u00a0\u00bb url=\u00a0\u00bbhttps:\/\/www.total.be\/fr\u00a0\u00bb url_new_window=\u00a0\u00bbon\u00a0\u00bb align=\u00a0\u00bbcenter\u00a0\u00bb _builder_version=\u00a0\u00bb4.15&Prime; _module_preset=\u00a0\u00bbdefault\u00a0\u00bb global_colors_info=\u00a0\u00bb{}\u00a0\u00bb theme_builder_area=\u00a0\u00bbpost_content\u00a0\u00bb][\/et_pb_image][\/et_pb_column][et_pb_column type=\u00a0\u00bb1_5&Prime; _builder_version=\u00a0\u00bb4.15&Prime; _module_preset=\u00a0\u00bbdefault\u00a0\u00bb custom_css_main_element=\u00a0\u00bbmargin: auto;\u00a0\u00bb global_colors_info=\u00a0\u00bb{}\u00a0\u00bb theme_builder_area=\u00a0\u00bbpost_content\u00a0\u00bb][et_pb_image src=\u00a0\u00bbhttps:\/\/lecircuitdewallonie.be\/en\/wp-content\/uploads\/2022\/04\/19.logo_.jpg\u00a0\u00bb title_text=\u00a0\u00bb19.logo\u00a0\u00bb url=\u00a0\u00bbhttp:\/\/www.belgiancycling.be\/?language=fr\u00a0\u00bb url_new_window=\u00a0\u00bbon\u00a0\u00bb align=\u00a0\u00bbcenter\u00a0\u00bb _builder_version=\u00a0\u00bb4.15&Prime; _module_preset=\u00a0\u00bbdefault\u00a0\u00bb global_colors_info=\u00a0\u00bb{}\u00a0\u00bb theme_builder_area=\u00a0\u00bbpost_content\u00a0\u00bb][\/et_pb_image][\/et_pb_column][et_pb_column type=\u00a0\u00bb1_5&Prime; _builder_version=\u00a0\u00bb4.15&Prime; _module_preset=\u00a0\u00bbdefault\u00a0\u00bb custom_css_main_element=\u00a0\u00bbmargin: auto;\u00a0\u00bb global_colors_info=\u00a0\u00bb{}\u00a0\u00bb theme_builder_area=\u00a0\u00bbpost_content\u00a0\u00bb][et_pb_image src=\u00a0\u00bbhttps:\/\/lecircuitdewallonie.be\/en\/wp-content\/uploads\/2022\/04\/21.logo_.jpg\u00a0\u00bb title_text=\u00a0\u00bb21.logo\u00a0\u00bb url=\u00a0\u00bbhttps:\/\/www.vidangeinter.be\u00a0\u00bb url_new_window=\u00a0\u00bbon\u00a0\u00bb align=\u00a0\u00bbcenter\u00a0\u00bb _builder_version=\u00a0\u00bb4.15&Prime; _module_preset=\u00a0\u00bbdefault\u00a0\u00bb global_colors_info=\u00a0\u00bb{}\u00a0\u00bb theme_builder_area=\u00a0\u00bbpost_content\u00a0\u00bb][\/et_pb_image][\/et_pb_column][\/et_pb_row][et_pb_row column_structure=\u00a0\u00bb1_5,1_5,1_5,1_5,1_5&Prime; make_equal=\u00a0\u00bbon\u00a0\u00bb _builder_version=\u00a0\u00bb4.15&Prime; _module_preset=\u00a0\u00bbdefault\u00a0\u00bb global_colors_info=\u00a0\u00bb{}\u00a0\u00bb theme_builder_area=\u00a0\u00bbpost_content\u00a0\u00bb][et_pb_column type=\u00a0\u00bb1_5&Prime; _builder_version=\u00a0\u00bb4.15&Prime; _module_preset=\u00a0\u00bbdefault\u00a0\u00bb custom_css_main_element=\u00a0\u00bbmargin: auto;\u00a0\u00bb global_colors_info=\u00a0\u00bb{}\u00a0\u00bb theme_builder_area=\u00a0\u00bbpost_content\u00a0\u00bb][et_pb_image src=\u00a0\u00bbhttps:\/\/lecircuitdewallonie.be\/en\/wp-content\/uploads\/2022\/04\/Quick_VILLE_BASSE-pdf-284&#215;300.jpg\u00a0\u00bb title_text=\u00a0\u00bbQuick_VILLE_BASSE\u00a0\u00bb url=\u00a0\u00bbhttps:\/\/www.quick.be\/fr\u00a0\u00bb url_new_window=\u00a0\u00bbon\u00a0\u00bb align=\u00a0\u00bbcenter\u00a0\u00bb _builder_version=\u00a0\u00bb4.15.1&Prime; _module_preset=\u00a0\u00bbdefault\u00a0\u00bb global_colors_info=\u00a0\u00bb{}\u00a0\u00bb theme_builder_area=\u00a0\u00bbpost_content\u00a0\u00bb][\/et_pb_image][\/et_pb_column][et_pb_column type=\u00a0\u00bb1_5&Prime; _builder_version=\u00a0\u00bb4.15&Prime; _module_preset=\u00a0\u00bbdefault\u00a0\u00bb custom_css_main_element=\u00a0\u00bbmargin: auto;\u00a0\u00bb global_colors_info=\u00a0\u00bb{}\u00a0\u00bb theme_builder_area=\u00a0\u00bbpost_content\u00a0\u00bb][et_pb_image src=\u00a0\u00bbhttps:\/\/lecircuitdewallonie.be\/en\/wp-content\/uploads\/2022\/04\/LOGO-CYCLE-DYNAMIC-vectorise-epg-2-pdf-300&#215;192.jpg\u00a0\u00bb title_text=\u00a0\u00bbLOGO CYCLE DYNAMIC vectoris\u00e9 epg 2&Prime; url=\u00a0\u00bbhttps:\/\/www.facebook.com\/CycleDynamic\u00a0\u00bb url_new_window=\u00a0\u00bbon\u00a0\u00bb align=\u00a0\u00bbcenter\u00a0\u00bb _builder_version=\u00a0\u00bb4.15.1&Prime; _module_preset=\u00a0\u00bbdefault\u00a0\u00bb global_colors_info=\u00a0\u00bb{}\u00a0\u00bb theme_builder_area=\u00a0\u00bbpost_content\u00a0\u00bb][\/et_pb_image][\/et_pb_column][et_pb_column type=\u00a0\u00bb1_5&Prime; _builder_version=\u00a0\u00bb4.15&Prime; _module_preset=\u00a0\u00bbdefault\u00a0\u00bb custom_css_main_element=\u00a0\u00bbmargin: auto;\u00a0\u00bb global_colors_info=\u00a0\u00bb{}\u00a0\u00bb theme_builder_area=\u00a0\u00bbpost_content\u00a0\u00bb][et_pb_image src=\u00a0\u00bbhttps:\/\/lecircuitdewallonie.be\/en\/wp-content\/uploads\/2023\/04\/Novotel-Charleroi-Centre-Bleu-2-300&#215;114.png\u00a0\u00bb title_text=\u00a0\u00bbNovotel Charleroi Centre Bleu\u00a0\u00bb url=\u00a0\u00bbhttps:\/\/all.accor.com\/hotel\/B134\/index.fr.shtml?utm_campaign=seo+maps&#038;utm_medium=seo+maps&#038;utm_source=google+Maps\u00a0\u00bb _builder_version=\u00a0\u00bb4.15.1&Prime; _module_preset=\u00a0\u00bbdefault\u00a0\u00bb global_colors_info=\u00a0\u00bb{}\u00a0\u00bb theme_builder_area=\u00a0\u00bbpost_content\u00a0\u00bb][\/et_pb_image][\/et_pb_column][et_pb_column type=\u00a0\u00bb1_5&Prime; _builder_version=\u00a0\u00bb4.15&Prime; _module_preset=\u00a0\u00bbdefault\u00a0\u00bb custom_css_main_element=\u00a0\u00bbmargin: auto;\u00a0\u00bb global_colors_info=\u00a0\u00bb{}\u00a0\u00bb theme_builder_area=\u00a0\u00bbpost_content\u00a0\u00bb][et_pb_image src=\u00a0\u00bbhttps:\/\/lecircuitdewallonie.be\/en\/wp-content\/uploads\/2022\/05\/logo-ag-insurance-300&#215;191.png\u00a0\u00bb title_text=\u00a0\u00bblogo-ag-insurance\u00a0\u00bb url=\u00a0\u00bbhttps:\/\/www.aginsurance.be\/retail\/fr\/Pages\/homepage.aspx?utm_medium=search-paid&#038;utm_source=Google&#038;utm_campaign=AG-Brand-S-FR-122020-fr&#038;utm_content=Brand&#038;s_kwcid=AL!7641!3!430269132403!e!!g!!ag%20insurance&#038;gclid=CjwKCAjwl6OiBhA2EiwAuUwWZcXABOxT470ME2IYzX5R4yPEd5nkOQ3HJIHZCg_dCmrZgc-Uzh6o8xoC10AQAvD_BwE\u00a0\u00bb admin_label=\u00a0\u00bbImage\u00a0\u00bb _builder_version=\u00a0\u00bb4.15.1&Prime; _module_preset=\u00a0\u00bbdefault\u00a0\u00bb global_colors_info=\u00a0\u00bb{}\u00a0\u00bb theme_builder_area=\u00a0\u00bbpost_content\u00a0\u00bb][\/et_pb_image][\/et_pb_column][et_pb_column type=\u00a0\u00bb1_5&Prime; _builder_version=\u00a0\u00bb4.15&Prime; _module_preset=\u00a0\u00bbdefault\u00a0\u00bb custom_css_main_element=\u00a0\u00bbmargin: auto;\u00a0\u00bb global_colors_info=\u00a0\u00bb{}\u00a0\u00bb theme_builder_area=\u00a0\u00bbpost_content\u00a0\u00bb][et_pb_image src=\u00a0\u00bbhttps:\/\/lecircuitdewallonie.be\/en\/wp-content\/uploads\/2022\/05\/nouveau-logo-covalux.png\u00a0\u00bb title_text=\u00a0\u00bbnouveau-logo-covalux\u00a0\u00bb url=\u00a0\u00bbhttps:\/\/www.covalux.be\/fr\/\u00a0\u00bb admin_label=\u00a0\u00bbImage\u00a0\u00bb _builder_version=\u00a0\u00bb4.15.1&Prime; _module_preset=\u00a0\u00bbdefault\u00a0\u00bb global_colors_info=\u00a0\u00bb{}\u00a0\u00bb theme_builder_area=\u00a0\u00bbpost_content\u00a0\u00bb][\/et_pb_image][\/et_pb_column][\/et_pb_row][et_pb_row column_structure=\u00a0\u00bb1_5,1_5,1_5,1_5,1_5&Prime; make_equal=\u00a0\u00bbon\u00a0\u00bb _builder_version=\u00a0\u00bb4.15&Prime; _module_preset=\u00a0\u00bbdefault\u00a0\u00bb global_colors_info=\u00a0\u00bb{}\u00a0\u00bb theme_builder_area=\u00a0\u00bbpost_content\u00a0\u00bb][et_pb_column type=\u00a0\u00bb1_5&Prime; _builder_version=\u00a0\u00bb4.15&Prime; _module_preset=\u00a0\u00bbdefault\u00a0\u00bb custom_css_main_element=\u00a0\u00bbmargin: auto;\u00a0\u00bb global_colors_info=\u00a0\u00bb{}\u00a0\u00bb theme_builder_area=\u00a0\u00bbpost_content\u00a0\u00bb][et_pb_image src=\u00a0\u00bbhttps:\/\/lecircuitdewallonie.be\/en\/wp-content\/uploads\/2022\/05\/loRes_CocaCola_Classic_logo.jpg\u00a0\u00bb title_text=\u00a0\u00bbR53Hm_Classic logo\u00a0\u00bb url=\u00a0\u00bbhttps:\/\/fr.coca-cola.be\u00a0\u00bb url_new_window=\u00a0\u00bbon\u00a0\u00bb align=\u00a0\u00bbcenter\u00a0\u00bb _builder_version=\u00a0\u00bb4.15.1&Prime; _module_preset=\u00a0\u00bbdefault\u00a0\u00bb global_colors_info=\u00a0\u00bb{}\u00a0\u00bb theme_builder_area=\u00a0\u00bbpost_content\u00a0\u00bb][\/et_pb_image][\/et_pb_column][et_pb_column type=\u00a0\u00bb1_5&Prime; _builder_version=\u00a0\u00bb4.15&Prime; _module_preset=\u00a0\u00bbdefault\u00a0\u00bb custom_css_main_element=\u00a0\u00bbmargin: auto;\u00a0\u00bb global_colors_info=\u00a0\u00bb{}\u00a0\u00bb theme_builder_area=\u00a0\u00bbpost_content\u00a0\u00bb][et_pb_image src=\u00a0\u00bbhttps:\/\/lecircuitdewallonie.be\/en\/wp-content\/uploads\/2022\/05\/logo-white-fr-1.png\u00a0\u00bb title_text=\u00a0\u00bblogo white fr (1)\u00a0\u00bb url=\u00a0\u00bbhttps:\/\/www.loxam.be\/fr\/\u00a0\u00bb url_new_window=\u00a0\u00bbon\u00a0\u00bb align=\u00a0\u00bbcenter\u00a0\u00bb _builder_version=\u00a0\u00bb4.15.1&Prime; _module_preset=\u00a0\u00bbdefault\u00a0\u00bb global_colors_info=\u00a0\u00bb{}\u00a0\u00bb theme_builder_area=\u00a0\u00bbpost_content\u00a0\u00bb][\/et_pb_image][\/et_pb_column][et_pb_column type=\u00a0\u00bb1_5&Prime; _builder_version=\u00a0\u00bb4.15&Prime; _module_preset=\u00a0\u00bbdefault\u00a0\u00bb custom_css_main_element=\u00a0\u00bbmargin: auto;\u00a0\u00bb global_colors_info=\u00a0\u00bb{}\u00a0\u00bb theme_builder_area=\u00a0\u00bbpost_content\u00a0\u00bb][et_pb_image src=\u00a0\u00bbhttps:\/\/lecircuitdewallonie.be\/en\/wp-content\/uploads\/2022\/05\/goteam-panneaux.png\u00a0\u00bb title_text=\u00a0\u00bbgoteam-panneaux\u00a0\u00bb _builder_version=\u00a0\u00bb4.15.1&Prime; _module_preset=\u00a0\u00bbdefault\u00a0\u00bb global_colors_info=\u00a0\u00bb{}\u00a0\u00bb theme_builder_area=\u00a0\u00bbpost_content\u00a0\u00bb][\/et_pb_image][\/et_pb_column][et_pb_column type=\u00a0\u00bb1_5&Prime; _builder_version=\u00a0\u00bb4.15&Prime; _module_preset=\u00a0\u00bbdefault\u00a0\u00bb custom_css_main_element=\u00a0\u00bbmargin: auto;\u00a0\u00bb global_colors_info=\u00a0\u00bb{}\u00a0\u00bb theme_builder_area=\u00a0\u00bbpost_content\u00a0\u00bb][et_pb_image src=\u00a0\u00bbhttps:\/\/lecircuitdewallonie.be\/en\/wp-content\/uploads\/2022\/05\/Logo_Charue_sprl.png\u00a0\u00bb title_text=\u00a0\u00bbLogo_Charue_sprl\u00a0\u00bb url=\u00a0\u00bbhttps:\/\/pharmaciecharue.be\/?doing_wp_cron=1682534989.2271180152893066406250&Prime; admin_label=\u00a0\u00bbImage\u00a0\u00bb _builder_version=\u00a0\u00bb4.15.1&Prime; _module_preset=\u00a0\u00bbdefault\u00a0\u00bb global_colors_info=\u00a0\u00bb{}\u00a0\u00bb theme_builder_area=\u00a0\u00bbpost_content\u00a0\u00bb][\/et_pb_image][\/et_pb_column][et_pb_column type=\u00a0\u00bb1_5&Prime; _builder_version=\u00a0\u00bb4.15&Prime; _module_preset=\u00a0\u00bbdefault\u00a0\u00bb custom_css_main_element=\u00a0\u00bbmargin: auto;\u00a0\u00bb global_colors_info=\u00a0\u00bb{}\u00a0\u00bb theme_builder_area=\u00a0\u00bbpost_content\u00a0\u00bb][\/et_pb_column][\/et_pb_row][\/et_pb_section][et_pb_section fb_built=\u00a0\u00bb1&Prime; admin_label=\u00a0\u00bbFeatures\u00a0\u00bb _builder_version=\u00a0\u00bb4.15&Prime; custom_padding=\u00a0\u00bb50px||50px||true|\u00a0\u00bb saved_tabs=\u00a0\u00bball\u00a0\u00bb collapsed=\u00a0\u00bboff\u00a0\u00bb global_colors_info=\u00a0\u00bb{}\u00a0\u00bb theme_builder_area=\u00a0\u00bbpost_content\u00a0\u00bb][et_pb_row _builder_version=\u00a0\u00bb4.15&Prime; custom_padding=\u00a0\u00bb|||\u00a0\u00bb global_colors_info=\u00a0\u00bb{}\u00a0\u00bb theme_builder_area=\u00a0\u00bbpost_content\u00a0\u00bb][et_pb_column type=\u00a0\u00bb4_4&Prime; _builder_version=\u00a0\u00bb4.15&Prime; custom_padding=\u00a0\u00bb|||\u00a0\u00bb global_colors_info=\u00a0\u00bb{}\u00a0\u00bb custom_padding__hover=\u00a0\u00bb|||\u00a0\u00bb theme_builder_area=\u00a0\u00bbpost_content\u00a0\u00bb][et_pb_text admin_label=\u00a0\u00bbPopular Products Title\u00a0\u00bb _builder_version=\u00a0\u00bb4.15&Prime; text_font=\u00a0\u00bb||||||||\u00a0\u00bb header_font=\u00a0\u00bb||||||||\u00a0\u00bb header_2_font=\u00a0\u00bbRoboto|700||on|||||\u00a0\u00bb header_2_text_align=\u00a0\u00bbcenter\u00a0\u00bb header_2_font_size=\u00a0\u00bb30px\u00a0\u00bb header_2_letter_spacing=\u00a0\u00bb4px\u00a0\u00bb header_2_line_height=\u00a0\u00bb1.2em\u00a0\u00bb module_alignment=\u00a0\u00bbcenter\u00a0\u00bb custom_margin=\u00a0\u00bb||10px|\u00a0\u00bb custom_padding=\u00a0\u00bb|||\u00a0\u00bb animation_style=\u00a0\u00bbfade\u00a0\u00bb locked=\u00a0\u00bboff\u00a0\u00bb global_colors_info=\u00a0\u00bb{}\u00a0\u00bb theme_builder_area=\u00a0\u00bbpost_content\u00a0\u00bb]<\/p>\n<h2>Comit\u00e9<\/h2>\n<p>[\/et_pb_text][et_pb_divider color=\u00a0\u00bb#ffb500&Prime; divider_weight=\u00a0\u00bb2px\u00a0\u00bb disabled_on=\u00a0\u00bboff|off|off\u00a0\u00bb _builder_version=\u00a0\u00bb4.15&Prime; max_width=\u00a0\u00bb100px\u00a0\u00bb module_alignment=\u00a0\u00bbcenter\u00a0\u00bb animation_style=\u00a0\u00bbfade\u00a0\u00bb custom_css_main_element=\u00a0\u00bb||\u00a0\u00bb locked=\u00a0\u00bboff\u00a0\u00bb global_colors_info=\u00a0\u00bb{}\u00a0\u00bb theme_builder_area=\u00a0\u00bbpost_content\u00a0\u00bb][\/et_pb_divider][\/et_pb_column][\/et_pb_row][et_pb_row column_structure=\u00a0\u00bb1_3,1_3,1_3&Prime; make_equal=\u00a0\u00bbon\u00a0\u00bb _builder_version=\u00a0\u00bb4.15&Prime; _module_preset=\u00a0\u00bbdefault\u00a0\u00bb global_colors_info=\u00a0\u00bb{}\u00a0\u00bb theme_builder_area=\u00a0\u00bbpost_content\u00a0\u00bb][et_pb_column type=\u00a0\u00bb1_3&Prime; _builder_version=\u00a0\u00bb4.15&Prime; _module_preset=\u00a0\u00bbdefault\u00a0\u00bb global_colors_info=\u00a0\u00bb{}\u00a0\u00bb theme_builder_area=\u00a0\u00bbpost_content\u00a0\u00bb][et_pb_team_member name=\u00a0\u00bbLa Paglia Franco\u00a0\u00bb position=\u00a0\u00bbDirecteur G\u00e9n\u00e9ral \u00a0\u00bb image_url=\u00a0\u00bbhttps:\/\/lecircuitdewallonie.be\/en\/wp-content\/uploads\/2022\/04\/cwcomite2.png\u00a0\u00bb _builder_version=\u00a0\u00bb4.15&Prime; _module_preset=\u00a0\u00bbdefault\u00a0\u00bb header_font=\u00a0\u00bbMontserrat||||||||\u00a0\u00bb position_font=\u00a0\u00bbMontserrat||||||||\u00a0\u00bb module_alignment=\u00a0\u00bbleft\u00a0\u00bb custom_css_member_image=\u00a0\u00bbtext-align: left;\u00a0\u00bb global_colors_info=\u00a0\u00bb{}\u00a0\u00bb theme_builder_area=\u00a0\u00bbpost_content\u00a0\u00bb]<\/p>\n<p><strong>E-mail<\/strong> : <a href=\"mailto:francesco.lapaglia66@gmail.com\" target=\"_blank\" rel=\"noopener\">francesco.lapaglia66@<wbr \/>gmail.com<\/a><br \/> <strong>Gsm<\/strong> : 0475\/87.98.91<\/p>\n<p>[\/et_pb_team_member][\/et_pb_column][et_pb_column type=\u00a0\u00bb1_3&Prime; _builder_version=\u00a0\u00bb4.15&Prime; _module_preset=\u00a0\u00bbdefault\u00a0\u00bb global_colors_info=\u00a0\u00bb{}\u00a0\u00bb theme_builder_area=\u00a0\u00bbpost_content\u00a0\u00bb][et_pb_team_member name=\u00a0\u00bbGarcia Fernandez Antonio\u00a0\u00bb position=\u00a0\u00bbPr\u00e9sident\u00a0\u00bb image_url=\u00a0\u00bbhttps:\/\/lecircuitdewallonie.be\/en\/wp-content\/uploads\/2022\/04\/cwcomite2.png\u00a0\u00bb _builder_version=\u00a0\u00bb4.15&Prime; _module_preset=\u00a0\u00bbdefault\u00a0\u00bb header_font=\u00a0\u00bbMontserrat||||||||\u00a0\u00bb position_font=\u00a0\u00bbMontserrat||||||||\u00a0\u00bb module_alignment=\u00a0\u00bbleft\u00a0\u00bb custom_css_member_image=\u00a0\u00bbtext-align: left;\u00a0\u00bb global_colors_info=\u00a0\u00bb{}\u00a0\u00bb theme_builder_area=\u00a0\u00bbpost_content\u00a0\u00bb]<\/p>\n<p><strong>E-mail<\/strong> :\u00a0<a href=\"mailto:garcia.antonio@skynet.be\" target=\"_blank\" rel=\"noopener\">garcia.antonio@skynet.be<\/a><span>\u00a0<\/span><br \/> <strong>Gsm<\/strong> : 0475\/72.22.00<\/p>\n<p>[\/et_pb_team_member][\/et_pb_column][et_pb_column type=\u00a0\u00bb1_3&Prime; _builder_version=\u00a0\u00bb4.15&Prime; _module_preset=\u00a0\u00bbdefault\u00a0\u00bb global_colors_info=\u00a0\u00bb{}\u00a0\u00bb theme_builder_area=\u00a0\u00bbpost_content\u00a0\u00bb][et_pb_team_member name=\u00a0\u00bbMullier Jordan\u00a0\u00bb position=\u00a0\u00bbLogistique G\u00e9n\u00e9rale D\u00e9part\/Arriv\u00e9e\u00a0\u00bb image_url=\u00a0\u00bbhttps:\/\/lecircuitdewallonie.be\/en\/wp-content\/uploads\/2022\/04\/cwcomite2.png\u00a0\u00bb _builder_version=\u00a0\u00bb4.15.1&Prime; _module_preset=\u00a0\u00bbdefault\u00a0\u00bb header_font=\u00a0\u00bbMontserrat||||||||\u00a0\u00bb position_font=\u00a0\u00bbMontserrat||||||||\u00a0\u00bb module_alignment=\u00a0\u00bbleft\u00a0\u00bb custom_css_member_image=\u00a0\u00bbtext-align: left;\u00a0\u00bb global_colors_info=\u00a0\u00bb{}\u00a0\u00bb theme_builder_area=\u00a0\u00bbpost_content\u00a0\u00bb]<\/p>\n<p><strong>E-mail<\/strong> : <a href=\"mailto:mullier.jordan97@gmail.com\" target=\"_blank\" rel=\"noopener\">mullier.jordan97@gmail.com<\/a><span>\u00a0<\/span><br \/> <strong>Gsm<\/strong> : <span>\u00a0+33 6\/<\/span>34.41.09.15<\/p>\n<p>[\/et_pb_team_member][\/et_pb_column][\/et_pb_row][et_pb_row column_structure=\u00a0\u00bb1_3,1_3,1_3&Prime; make_equal=\u00a0\u00bbon\u00a0\u00bb _builder_version=\u00a0\u00bb4.15&Prime; _module_preset=\u00a0\u00bbdefault\u00a0\u00bb global_colors_info=\u00a0\u00bb{}\u00a0\u00bb theme_builder_area=\u00a0\u00bbpost_content\u00a0\u00bb][et_pb_column type=\u00a0\u00bb1_3&Prime; _builder_version=\u00a0\u00bb4.15&Prime; _module_preset=\u00a0\u00bbdefault\u00a0\u00bb global_colors_info=\u00a0\u00bb{}\u00a0\u00bb theme_builder_area=\u00a0\u00bbpost_content\u00a0\u00bb][et_pb_team_member name=\u00a0\u00bbVandenberg Eric\u00a0\u00bb position=\u00a0\u00bbSecr\u00e9taire\u00a0\u00bb image_url=\u00a0\u00bbhttps:\/\/lecircuitdewallonie.be\/en\/wp-content\/uploads\/2022\/04\/cwcomite2.png\u00a0\u00bb _builder_version=\u00a0\u00bb4.15&Prime; _module_preset=\u00a0\u00bbdefault\u00a0\u00bb header_font=\u00a0\u00bbMontserrat||||||||\u00a0\u00bb position_font=\u00a0\u00bbMontserrat||||||||\u00a0\u00bb module_alignment=\u00a0\u00bbleft\u00a0\u00bb custom_css_member_image=\u00a0\u00bbtext-align: left;\u00a0\u00bb global_colors_info=\u00a0\u00bb{}\u00a0\u00bb theme_builder_area=\u00a0\u00bbpost_content\u00a0\u00bb]<\/p>\n<p><strong>E-mail<\/strong> :\u00a0<a href=\"mailto:vdbcastor@yahoo.fr\" target=\"_blank\" rel=\"noopener\">vdbcastor@yahoo.fr<\/a><span>\u00a0<\/span><br \/> <strong>Gsm<\/strong> : 0494\/11.43.99<\/p>\n<p>[\/et_pb_team_member][\/et_pb_column][et_pb_column type=\u00a0\u00bb1_3&Prime; _builder_version=\u00a0\u00bb4.15&Prime; _module_preset=\u00a0\u00bbdefault\u00a0\u00bb global_colors_info=\u00a0\u00bb{}\u00a0\u00bb theme_builder_area=\u00a0\u00bbpost_content\u00a0\u00bb][et_pb_team_member name=\u00a0\u00bbLeone Roberto\u00a0\u00bb position=\u00a0\u00bbPr\u00e9sident d&rsquo;honneur\u00a0\u00bb image_url=\u00a0\u00bbhttps:\/\/lecircuitdewallonie.be\/en\/wp-content\/uploads\/2022\/04\/cwcomite2.png\u00a0\u00bb _builder_version=\u00a0\u00bb4.15.1&Prime; _module_preset=\u00a0\u00bbdefault\u00a0\u00bb header_font=\u00a0\u00bbMontserrat||||||||\u00a0\u00bb position_font=\u00a0\u00bbMontserrat||||||||\u00a0\u00bb module_alignment=\u00a0\u00bbleft\u00a0\u00bb custom_css_member_image=\u00a0\u00bbtext-align: left;\u00a0\u00bb global_colors_info=\u00a0\u00bb{}\u00a0\u00bb theme_builder_area=\u00a0\u00bbpost_content\u00a0\u00bb][\/et_pb_team_member][\/et_pb_column][et_pb_column type=\u00a0\u00bb1_3&Prime; _builder_version=\u00a0\u00bb4.15&Prime; _module_preset=\u00a0\u00bbdefault\u00a0\u00bb global_colors_info=\u00a0\u00bb{}\u00a0\u00bb theme_builder_area=\u00a0\u00bbpost_content\u00a0\u00bb][et_pb_team_member name=\u00a0\u00bbCastin Ludger\u00a0\u00bb position=\u00a0\u00bbPublic relation\u00a0\u00bb image_url=\u00a0\u00bbhttps:\/\/lecircuitdewallonie.be\/en\/wp-content\/uploads\/2022\/04\/cwcomite2.png\u00a0\u00bb _builder_version=\u00a0\u00bb4.15&Prime; _module_preset=\u00a0\u00bbdefault\u00a0\u00bb header_font=\u00a0\u00bbMontserrat||||||||\u00a0\u00bb position_font=\u00a0\u00bbMontserrat||||||||\u00a0\u00bb module_alignment=\u00a0\u00bbleft\u00a0\u00bb custom_css_member_image=\u00a0\u00bbtext-align: left;\u00a0\u00bb global_colors_info=\u00a0\u00bb{}\u00a0\u00bb theme_builder_area=\u00a0\u00bbpost_content\u00a0\u00bb]<\/p>\n<p><strong>E-mail<\/strong> : <a href=\"mailto:ludger.castin@match.be\" target=\"_blank\" rel=\"noopener\">ludger.castin@match.be<\/a><br \/> <strong>Gsm<\/strong> : 0497\/51.21.06<\/p>\n<p>[\/et_pb_team_member][\/et_pb_column][\/et_pb_row][et_pb_row column_structure=\u00a0\u00bb1_3,1_3,1_3&Prime; make_equal=\u00a0\u00bbon\u00a0\u00bb _builder_version=\u00a0\u00bb4.15&Prime; _module_preset=\u00a0\u00bbdefault\u00a0\u00bb global_colors_info=\u00a0\u00bb{}\u00a0\u00bb theme_builder_area=\u00a0\u00bbpost_content\u00a0\u00bb][et_pb_column type=\u00a0\u00bb1_3&Prime; _builder_version=\u00a0\u00bb4.15&Prime; _module_preset=\u00a0\u00bbdefault\u00a0\u00bb global_colors_info=\u00a0\u00bb{}\u00a0\u00bb theme_builder_area=\u00a0\u00bbpost_content\u00a0\u00bb][et_pb_team_member name=\u00a0\u00bbEerebout Jan\u00a0\u00bb position=\u00a0\u00bbResponsable s\u00e9curit\u00e9\u00a0\u00bb image_url=\u00a0\u00bbhttps:\/\/lecircuitdewallonie.be\/en\/wp-content\/uploads\/2022\/04\/cwcomite2.png\u00a0\u00bb _builder_version=\u00a0\u00bb4.15&Prime; _module_preset=\u00a0\u00bbdefault\u00a0\u00bb header_font=\u00a0\u00bbMontserrat||||||||\u00a0\u00bb position_font=\u00a0\u00bbMontserrat||||||||\u00a0\u00bb module_alignment=\u00a0\u00bbleft\u00a0\u00bb custom_css_member_image=\u00a0\u00bbtext-align: left;\u00a0\u00bb global_colors_info=\u00a0\u00bb{}\u00a0\u00bb theme_builder_area=\u00a0\u00bbpost_content\u00a0\u00bb]<\/p>\n<p><strong>E-mail<\/strong> : <a href=\"mailto:jan.eerebout@motorbegeleiding.com\" target=\"_blank\" rel=\"noopener\">jan.eerebout@<wbr \/>motorbegeleiding.com<\/a><br \/> <strong>Gsm<\/strong> : <span>0475\/42.79.49<\/span><\/p>\n<p>[\/et_pb_team_member][\/et_pb_column][et_pb_column type=\u00a0\u00bb1_3&Prime; _builder_version=\u00a0\u00bb4.15&Prime; _module_preset=\u00a0\u00bbdefault\u00a0\u00bb global_colors_info=\u00a0\u00bb{}\u00a0\u00bb theme_builder_area=\u00a0\u00bbpost_content\u00a0\u00bb][et_pb_team_member name=\u00a0\u00bbDalgal Walter\u00a0\u00bb position=\u00a0\u00bbResponsable Technique \u00ab Circuit \u00bb\u00a0\u00bb image_url=\u00a0\u00bbhttps:\/\/lecircuitdewallonie.be\/en\/wp-content\/uploads\/2022\/04\/cwcomite2.png\u00a0\u00bb _builder_version=\u00a0\u00bb4.15&Prime; _module_preset=\u00a0\u00bbdefault\u00a0\u00bb header_font=\u00a0\u00bbMontserrat||||||||\u00a0\u00bb position_font=\u00a0\u00bbMontserrat||||||||\u00a0\u00bb module_alignment=\u00a0\u00bbleft\u00a0\u00bb custom_css_member_image=\u00a0\u00bbtext-align: left;\u00a0\u00bb global_colors_info=\u00a0\u00bb{}\u00a0\u00bb theme_builder_area=\u00a0\u00bbpost_content\u00a0\u00bb]<\/p>\n<p><strong>E-mail<\/strong> : <a href=\"mailto:walterdalgal@hotmail.com\" target=\"_blank\" rel=\"noopener\">walterdalgal@hotmail.com<\/a><span>\u00a0<\/span><br \/> <strong>Gsm<\/strong> : 0475\/29.92.59<\/p>\n<p>[\/et_pb_team_member][\/et_pb_column][et_pb_column type=\u00a0\u00bb1_3&Prime; _builder_version=\u00a0\u00bb4.15&Prime; _module_preset=\u00a0\u00bbdefault\u00a0\u00bb global_colors_info=\u00a0\u00bb{}\u00a0\u00bb theme_builder_area=\u00a0\u00bbpost_content\u00a0\u00bb][et_pb_team_member name=\u00a0\u00bbDeguide Louis\u00a0\u00bb position=\u00a0\u00bbIntendance Circuit\u00a0\u00bb image_url=\u00a0\u00bbhttps:\/\/lecircuitdewallonie.be\/en\/wp-content\/uploads\/2022\/04\/cwcomite2.png\u00a0\u00bb _builder_version=\u00a0\u00bb4.15&Prime; _module_preset=\u00a0\u00bbdefault\u00a0\u00bb header_font=\u00a0\u00bbMontserrat||||||||\u00a0\u00bb position_font=\u00a0\u00bbMontserrat||||||||\u00a0\u00bb module_alignment=\u00a0\u00bbleft\u00a0\u00bb custom_css_member_image=\u00a0\u00bbtext-align: left;\u00a0\u00bb global_colors_info=\u00a0\u00bb{}\u00a0\u00bb theme_builder_area=\u00a0\u00bbpost_content\u00a0\u00bb]<\/p>\n<p><strong>E-mail<\/strong> : <a href=\"mailto:louis.deguide@gmail.com\" target=\"_blank\" rel=\"noopener\">louis.deguide@gmail.com<\/a><br \/> <strong>Gsm<\/strong> : <span>0474\/26.76.39<\/span><\/p>\n<p>[\/et_pb_team_member][\/et_pb_column][\/et_pb_row][et_pb_row column_structure=\u00a0\u00bb1_3,1_3,1_3&Prime; make_equal=\u00a0\u00bbon\u00a0\u00bb _builder_version=\u00a0\u00bb4.15&Prime; _module_preset=\u00a0\u00bbdefault\u00a0\u00bb global_colors_info=\u00a0\u00bb{}\u00a0\u00bb theme_builder_area=\u00a0\u00bbpost_content\u00a0\u00bb][et_pb_column type=\u00a0\u00bb1_3&Prime; _builder_version=\u00a0\u00bb4.15&Prime; _module_preset=\u00a0\u00bbdefault\u00a0\u00bb global_colors_info=\u00a0\u00bb{}\u00a0\u00bb theme_builder_area=\u00a0\u00bbpost_content\u00a0\u00bb][et_pb_team_member name=\u00a0\u00bbCalucci Lina\u00a0\u00bb position=\u00a0\u00bbOrganisation Suiveur\u00a0\u00bb image_url=\u00a0\u00bbhttps:\/\/lecircuitdewallonie.be\/en\/wp-content\/uploads\/2022\/04\/cwcomite2.png\u00a0\u00bb _builder_version=\u00a0\u00bb4.15&Prime; _module_preset=\u00a0\u00bbdefault\u00a0\u00bb header_font=\u00a0\u00bbMontserrat||||||||\u00a0\u00bb position_font=\u00a0\u00bbMontserrat||||||||\u00a0\u00bb module_alignment=\u00a0\u00bbleft\u00a0\u00bb custom_css_member_image=\u00a0\u00bbtext-align: left;\u00a0\u00bb global_colors_info=\u00a0\u00bb{}\u00a0\u00bb theme_builder_area=\u00a0\u00bbpost_content\u00a0\u00bb]<\/p>\n<p><strong>E-mail<\/strong> : <a href=\"mailto:lina.calucci@hotmail.com\" target=\"_blank\" rel=\"noopener\">lina.calucci@hotmail.com<\/a><br \/> <strong>Gsm<\/strong> : 0474\/61.41.39<\/p>\n<p>[\/et_pb_team_member][\/et_pb_column][et_pb_column type=\u00a0\u00bb1_3&Prime; _builder_version=\u00a0\u00bb4.15&Prime; _module_preset=\u00a0\u00bbdefault\u00a0\u00bb global_colors_info=\u00a0\u00bb{}\u00a0\u00bb theme_builder_area=\u00a0\u00bbpost_content\u00a0\u00bb][et_pb_team_member name=\u00a0\u00bbLa Paglia Gloria\u00a0\u00bb position=\u00a0\u00bbProtocole Podium Apr\u00e8s course\u00a0\u00bb image_url=\u00a0\u00bbhttps:\/\/lecircuitdewallonie.be\/en\/wp-content\/uploads\/2022\/04\/cwcomite2.png\u00a0\u00bb _builder_version=\u00a0\u00bb4.15&Prime; _module_preset=\u00a0\u00bbdefault\u00a0\u00bb header_font=\u00a0\u00bbMontserrat||||||||\u00a0\u00bb position_font=\u00a0\u00bbMontserrat||||||||\u00a0\u00bb module_alignment=\u00a0\u00bbleft\u00a0\u00bb custom_css_member_image=\u00a0\u00bbtext-align: left;\u00a0\u00bb global_colors_info=\u00a0\u00bb{}\u00a0\u00bb theme_builder_area=\u00a0\u00bbpost_content\u00a0\u00bb]<\/p>\n<p><strong>E-mail<\/strong> : <a href=\"mailto:gloria.lapaglia@hotmail.com\" target=\"_blank\" rel=\"noopener\">gloria.lapaglia@hotmail.com<\/a><br \/> <strong>Gsm<\/strong> : 0477\/28.84.55<\/p>\n<p>[\/et_pb_team_member][\/et_pb_column][et_pb_column type=\u00a0\u00bb1_3&Prime; _builder_version=\u00a0\u00bb4.15&Prime; _module_preset=\u00a0\u00bbdefault\u00a0\u00bb global_colors_info=\u00a0\u00bb{}\u00a0\u00bb theme_builder_area=\u00a0\u00bbpost_content\u00a0\u00bb][et_pb_team_member name=\u00a0\u00bbLa Paglia Victoria\u00a0\u00bb position=\u00a0\u00bbResponsable Communication\u00a0\u00bb image_url=\u00a0\u00bbhttps:\/\/lecircuitdewallonie.be\/en\/wp-content\/uploads\/2022\/04\/cwcomite2.png\u00a0\u00bb _builder_version=\u00a0\u00bb4.15&Prime; _module_preset=\u00a0\u00bbdefault\u00a0\u00bb header_font=\u00a0\u00bbMontserrat||||||||\u00a0\u00bb position_font=\u00a0\u00bbMontserrat||||||||\u00a0\u00bb module_alignment=\u00a0\u00bbleft\u00a0\u00bb custom_css_member_image=\u00a0\u00bbtext-align: left;\u00a0\u00bb global_colors_info=\u00a0\u00bb{}\u00a0\u00bb theme_builder_area=\u00a0\u00bbpost_content\u00a0\u00bb]<\/p>\n<p><strong>E-mail<\/strong> : <a href=\"mailto:victoria.lapaglia@hotmail.com\" target=\"_blank\" rel=\"noopener\">victoria.lapaglia@hotmail.<wbr \/>com<\/a><br \/> <strong>Gsm<\/strong> : <span>0477 28 84 50<\/span><\/p>\n<p>[\/et_pb_team_member][\/et_pb_column][\/et_pb_row][\/et_pb_section]<\/p>\n","protected":false},"excerpt":{"rendered":"<p>Awards2010 &#8211; 20232023 &#8211; 18th May 1. MEEUS Jordi 2. TAMINIAUX\u00a0Lionel\u00a03. KIELICH Timo2022 &#8211; 26th May 1. PASQUALONE Andrea 2. ZINGLE\u00a0Axel\u00a03. GILBERT Philippe2021 &#8211; 13th May 1. LAPORTE Christophe 2. SARREAU\u00a0Marc\u00a03. PITHIE Laurence2020 Annul\u00e9-Cancelled2019 &#8211; 30th May 1. BOUDAT Thomas 2. PLANCKAERT Baptiste 3. TERPSTRA Niki2018 &#8211; 27th May 1. FROLICH Honor\u00e9 2. LARSEN Niklas [&hellip;]<\/p>\n","protected":false},"author":1,"featured_media":0,"parent":0,"menu_order":0,"comment_status":"closed","ping_status":"closed","template":"","meta":{"_et_pb_use_builder":"on","_et_pb_old_content":"","_et_gb_content_width":"","footnotes":""},"class_list":["post-117","page","type-page","status-publish","hentry"],"_links":{"self":[{"href":"https:\/\/lecircuitdewallonie.be\/en\/wp-json\/wp\/v2\/pages\/117","targetHints":{"allow":["GET"]}}],"collection":[{"href":"https:\/\/lecircuitdewallonie.be\/en\/wp-json\/wp\/v2\/pages"}],"about":[{"href":"https:\/\/lecircuitdewallonie.be\/en\/wp-json\/wp\/v2\/types\/page"}],"author":[{"embeddable":true,"href":"https:\/\/lecircuitdewallonie.be\/en\/wp-json\/wp\/v2\/users\/1"}],"replies":[{"embeddable":true,"href":"https:\/\/lecircuitdewallonie.be\/en\/wp-json\/wp\/v2\/comments?post=117"}],"version-history":[{"count":10,"href":"https:\/\/lecircuitdewallonie.be\/en\/wp-json\/wp\/v2\/pages\/117\/revisions"}],"predecessor-version":[{"id":798,"href":"https:\/\/lecircuitdewallonie.be\/en\/wp-json\/wp\/v2\/pages\/117\/revisions\/798"}],"wp:attachment":[{"href":"https:\/\/lecircuitdewallonie.be\/en\/wp-json\/wp\/v2\/media?parent=117"}],"curies":[{"name":"wp","href":"https:\/\/api.w.org\/{rel}","templated":true}]}}